{"id":6764,"date":"2024-02-15T12:57:14","date_gmt":"2024-02-15T12:57:14","guid":{"rendered":"https:\/\/tmarchives.com.br\/wp\/?page_id=6764"},"modified":"2024-12-01T12:52:56","modified_gmt":"2024-12-01T15:52:56","slug":"o-governo-num-planeta-vizinho","status":"publish","type":"page","link":"https:\/\/tmarchives.com.br\/wp\/?page_id=6764","title":{"rendered":"O Governo, Num Planeta Vizinho"},"content":{"rendered":"\n<p><\/p>\n\n\n\n<div class=\"wp-block-group\"><div class=\"wp-block-group__inner-container is-layout-constrained wp-block-group-is-layout-constrained\">\n<a href='https:\/\/tmarchives.com.br\/wp\/pdf\/governo.pdf' download='Governo.pdf' rel=\"noopener\"><figure class=\"wp-block-image alignright size-large is-resized\"><img loading=\"lazy\" decoding=\"async\" width=\"1024\" height=\"1024\" src=\"https:\/\/tmarchives.com.br\/wp\/wp-content\/uploads\/2024\/09\/download-6155763_1280-1024x1024.png\" alt=\"Download\" title=\"Download\"class=\"wp-image-8533\" style=\"object-fit:cover;width:41px;height:auto\" srcset=\"https:\/\/tmarchives.com.br\/wp\/wp-content\/uploads\/2024\/09\/download-6155763_1280-1024x1024.png 1024w, https:\/\/tmarchives.com.br\/wp\/wp-content\/uploads\/2024\/09\/download-6155763_1280-300x300.png 300w, https:\/\/tmarchives.com.br\/wp\/wp-content\/uploads\/2024\/09\/download-6155763_1280-150x150.png 150w, https:\/\/tmarchives.com.br\/wp\/wp-content\/uploads\/2024\/09\/download-6155763_1280-768x768.png 768w, https:\/\/tmarchives.com.br\/wp\/wp-content\/uploads\/2024\/09\/download-6155763_1280.png 1280w\" sizes=\"auto, (max-width: 1024px) 100vw, 1024px\" \/><\/figure><\/a>\n\n\n\n<a href='https:\/\/tmarchives.com.br\/wp\/pdf\/governo.pdf' target='_Blank' rel=\"noopener\">\n<figure class=\"wp-block-image alignright size-full\" ><img loading=\"lazy\" decoding=\"async\" width=\"32\" height=\"32\" src=\"https:\/\/tmarchives.com.br\/wp\/wp-content\/uploads\/2024\/09\/impressora.png\" alt=\"Abrir e Imprimir\"  title=\"Abrir e Imprimir\" class=\"wp-image-8529\"  style=\"object-fit:cover\"\/><\/figure><\/a>\n<\/div><\/div>\n\n\n\n<p class=\"btn\"><b>Documento 72 do Livro de Ur\u00e2ntia<\/b><\/p>\n<h2>O Governo, Num Planeta Vizinho<\/h2>\n<p id=\"U72_0_1\"><span class=\"btn\"><small><b>72:0.1 (808.1)<\/b><\/small><\/span>&nbsp;&nbsp;&nbsp;Com a permiss\u00e3o de Lanaforge e a aprova\u00e7\u00e3o dos Alt\u00edssimos de Ed\u00eantia, eu estou autorizado a narrar certas coisas da vida social, moral e pol\u00edtica da mais avan\u00e7ada ra\u00e7a humana que vive em um planeta n\u00e3o muito distante, pertencente ao sistema de Sat\u00e2nia.<\/p>\n<p id=\"U72_0_2\"><span class=\"btn\"><small><b>72:0.2 (808.2)<\/b><\/small><\/span>&nbsp;&nbsp;&nbsp;De todos os mundos de Sat\u00e2nia, que se tornaram isolados por causa da participa\u00e7\u00e3o na rebeli\u00e3o de L\u00facifer, esse planeta experienciou uma hist\u00f3ria a mais semelhante \u00e0 de Ur\u00e2ntia. A similaridade das duas esferas, sem d\u00favida, explica por que foi concedida a permiss\u00e3o para se fazer esta extraordin\u00e1ria apresenta\u00e7\u00e3o, pois \u00e9 muito inusitado que os governantes dos sistemas consintam na narra\u00e7\u00e3o, em um planeta, dos assuntos de outro.<\/p>\n<p id=\"U72_0_3\"><span class=\"btn\"><small><b>72:0.3 (808.3)<\/b><\/small><\/span>&nbsp;&nbsp;&nbsp;Esse planeta, como Ur\u00e2ntia, foi desviado pela deslealdade do seu Pr\u00edncipe Planet\u00e1rio quando da rebeli\u00e3o de L\u00facifer. O planeta recebeu um Filho Material pouco depois de Ad\u00e3o ter vindo para Ur\u00e2ntia, e esse Filho tamb\u00e9m cometeu a falta, deixando a esfera isolada, pois um filho Magisterial nunca esteve auto-outorgado entre as suas ra\u00e7as mortais.<\/p>\n<h2 id=\"U72_1_0\">1. Uma Na\u00e7\u00e3o Continental<\/h2>\n<p id=\"U72_1_1\"><span class=\"btn\"><small><b>72:1.1 (808.4)<\/b><\/small><\/span>&nbsp;&nbsp;&nbsp;Apesar de todas essas desvantagens planet\u00e1rias, uma civiliza\u00e7\u00e3o muito superior est\u00e1 em evolu\u00e7\u00e3o em um continente isolado, de tamanho compar\u00e1vel ao da Austr\u00e1lia. Essa na\u00e7\u00e3o tem cerca de 140 milh\u00f5es de habitantes. O seu povo \u00e9 formado de ra\u00e7as miscigenadas, com predomin\u00e2ncia da azul e da amarela, tendo uma propor\u00e7\u00e3o ligeiramente maior da ra\u00e7a violeta do que as chamadas ra\u00e7as brancas de Ur\u00e2ntia. Tais ra\u00e7as diferentes n\u00e3o est\u00e3o ainda integralmente miscigenadas, mas confraternizam-se e socializam-se de um modo bastante aceit\u00e1vel. A m\u00e9dia de vida nesse continente, atualmente, \u00e9 de noventa anos, quinze por cento mais alta que a de qualquer outro povo no planeta.<\/p>\n<p id=\"U72_1_2\"><span class=\"btn\"><small><b>72:1.2 (808.5)<\/small><\/b><\/span>&nbsp;&nbsp;&nbsp;Os mecanismos industriais dessa na\u00e7\u00e3o desfrutam de uma grande vantagem, que adv\u00e9m da topografia \u00fanica do continente. Montanhas altas, nas quais cai uma chuva pesada durante oito meses em um ano, est\u00e3o situadas bem no centro do pa\u00eds. Esse arranjo natural favorece a utiliza\u00e7\u00e3o do potencial hidr\u00e1ulico e facilita grandemente a irriga\u00e7\u00e3o do oeste, a quarta parte mais \u00e1rida do continente.<\/p>\n<p id=\"U72_1_3\"><span class=\"btn\"><b><small>72:1.3 (808.6)<\/b><\/small><\/span>&nbsp;&nbsp;&nbsp;Esses povos se auto-sustentam, isto \u00e9, podem viver indefinidamente sem importar nada das na\u00e7\u00f5es vizinhas. Os seus recursos naturais s\u00e3o fartos e por meio de t\u00e9cnicas cient\u00edficas eles aprenderam como compensar as suas defici\u00eancias no que concerne \u00e0s coisas essenciais \u00e0 vida. Eles usufruem de um com\u00e9rcio dom\u00e9stico ativo, mas t\u00eam pouco com\u00e9rcio externo devido \u00e0 hostilidade generalizada dos seus vizinhos de menos progresso.<\/p>\n<p id=\"U72_1_4\"><span class=\"btn\"><small><b>72:1.4 (808.7)<\/small><\/b><\/span>&nbsp;&nbsp;&nbsp;Essa na\u00e7\u00e3o continental, em geral, seguiu a tend\u00eancia evolucion\u00e1ria do planeta: desde o desenvolvimento do est\u00e1gio tribal, at\u00e9 o aparecimento de governantes fortes e reis; o que levou milhares de anos. Os monarcas incondicionais foram seguidos por muitas formas diferentes de governo \u2014 rep\u00fablicas abortadas, estados comunit\u00e1rios e ditaduras vieram e desapareceram, em uma profus\u00e3o sem fim. Esse crescimento continuou at\u00e9 cerca de quinhentos anos atr\u00e1s, quando, durante um per\u00edodo politicamente agitado, um dos poderosos ditadores de um triunvirato, da na\u00e7\u00e3o, passou por uma mudan\u00e7a \u00edntima de ideais. Ele fez-se volunt\u00e1rio para abdicar, sob a condi\u00e7\u00e3o de que um dos outros governantes, o mais vil dos outros dois, tamb\u00e9m renunciasse ao triunvirato ditatorial. Assim, a soberania do continente foi colocada nas m\u00e3os de um \u00fanico governante. O estado unificado progrediu, sob um forte governo mon\u00e1rquico por mais de cem anos, durante os quais desenvolveu-se uma compreensiva carta de liberdades.<\/p>\n<p id=\"U72_1_5\"><span class=\"btn\"><small><b>72:1.5 (809.1)<\/small><\/b><\/span>&nbsp;&nbsp;&nbsp;A transi\u00e7\u00e3o subseq\u00fcente, da monarquia para uma forma representativa de governo, foi gradual; os reis permaneceram como figurantes meramente sociais ou sentimentais; at\u00e9 finalmente desaparecerem, quando a linha masculina de descend\u00eancia extinguiu-se. A rep\u00fablica atual tem apenas duzentos anos de exist\u00eancia e, durante esse tempo, tem havido um progresso cont\u00ednuo na dire\u00e7\u00e3o das t\u00e9cnicas de governo, que iremos narrar; os \u00faltimos desenvolvimentos nos campos industriais e pol\u00edticos tendo sido feitos na d\u00e9cada passada.<\/p>\n<h2 id=\"U72_2_0\">2. A Organiza\u00e7\u00e3o Pol\u00edtica<\/h2>\n<p id=\"U72_2_1\"><span class=\"btn\"><small><b>72:2.1 (809.2)<\/b><\/small><\/span>&nbsp;&nbsp;&nbsp;Essa na\u00e7\u00e3o continental tem, agora, um governo representativo, com uma capital nacional situada no centro do pa\u00eds. O governo central consiste em uma forte federa\u00e7\u00e3o de cem estados relativamente livres. Esses estados elegem os seus governadores e legisladores, por dez anos, e nenhum deles pode ser candidato \u00e0 reelei\u00e7\u00e3o. Os ju\u00edzes do estado s\u00e3o apontados vitaliciamente pelos governadores e confirmados pelas legislaturas, que consistem em um representante para cada cem mil cidad\u00e3os.<\/p>\n<p id=\"U72_2_2\"><span class=\"btn\"><small><b>72:2.2 (809.3)<\/b><\/small><\/span>&nbsp;&nbsp;&nbsp;H\u00e1 cinco tipos diferentes de governo metropolitano, dependendo do tamanho da cidade, mas nenhuma cidade pode ter mais de um milh\u00e3o de habitantes. No conjunto, esses esquemas de governos municipais s\u00e3o muito simples, diretos e econ\u00f4micos. Os poucos cargos da administra\u00e7\u00e3o urbana s\u00e3o altamente almejados pelos tipos mais elevados de cidad\u00e3os.<\/p>\n<p id=\"U72_2_3\"><span class=\"btn\"><small><b>72:2.3 (809.4)<\/b><\/small><\/span>&nbsp;&nbsp;&nbsp;O governo federal abrange tr\u00eas divis\u00f5es coordenadas: a executiva, a legislativa e a judicial. O chefe do executivo federal \u00e9 eleito a cada seis anos, pelo sufr\u00e1gio territorial universal. Ele n\u00e3o se candidata \u00e0 reelei\u00e7\u00e3o, exceto a pedido das legislaturas de setenta e cinco estados, pelo menos, e apoiado pelos respectivos governadores dos estados, e por apenas um mandado adicional. Ele \u00e9 aconselhado por um supergabinete, composto de todos os ex-chefes executivos vivos.<\/p>\n<p id=\"U72_2_4\"><span class=\"btn\"><small><b>72:2.4 (809.5)<\/b><\/small><\/span>&nbsp;&nbsp;&nbsp;A divis\u00e3o legislativa abrange tr\u00eas c\u00e2maras:<\/p>\n<p id=\"U72_2_5\"><span class=\"btn\"><small><b>72:2.5 (809.6)<\/b><\/small><\/span>&nbsp;&nbsp;&nbsp;1. A <em>c\u00e2mara superior,<\/em> eleita por grupos de trabalhadores das ind\u00fastrias, de profissionais liberais, de agricultores e de outros grupos, votando de acordo com a fun\u00e7\u00e3o econ\u00f4mica.<\/p>\n<p id=\"U72_2_6\"><span class=\"btn\"><small><b>72:2.6 (809.7)<\/b><\/small><\/span>&nbsp;&nbsp;&nbsp;2. A <em>c\u00e2mara inferior,<\/em> eleita por algumas organiza\u00e7\u00f5es da sociedade, que compreendem os grupos sociais, pol\u00edticos e filos\u00f3ficos, n\u00e3o inclu\u00eddos na ind\u00fastria ou em outras profiss\u00f5es. Todos os cidad\u00e3os de boa posi\u00e7\u00e3o participam da elei\u00e7\u00e3o de ambas as classes de representantes, mas s\u00e3o agrupados de modo diferente, dependendo de a elei\u00e7\u00e3o ser para a c\u00e2mara superior ou para a inferior.<\/p>\n<p id=\"U72_2_7\"><span class=\"btn\"><small><b>72:2.7 (809.8)<\/b><\/small><\/span>&nbsp;&nbsp;&nbsp;3. A <em>terceira c\u00e2mara \u2014<\/em> a de antigos estadistas \u2014 abrange os veteranos dos servi\u00e7os c\u00edvicos e inclui muitas pessoas ilustres, nomeadas pelo chefe do executivo, pelos executivos regionais (subfederais), pelo chefe do supremo tribunal e pelos funcion\u00e1rios que presidem qualquer uma das outras c\u00e2maras legislativas. Esse grupo est\u00e1 limitado a cem membros, que s\u00e3o eleitos pela a\u00e7\u00e3o majorit\u00e1ria dos pr\u00f3prios antigos estadistas. Os membros t\u00eam fun\u00e7\u00e3o vital\u00edcia e, quando surgem vagas, aquele que recebeu a maior vota\u00e7\u00e3o entre os da lista dos indicados torna-se devidamente eleito. As incumb\u00eancias desse corpo s\u00e3o puramente de assessoria, mas ele \u00e9 um forte regulador da opini\u00e3o p\u00fablica e exerce uma influ\u00eancia poderosa sobre todos os setores do governo.<\/p>\n<p id=\"U72_2_8\"><span class=\"btn\"><small><b>72:2.8 (810.1)<\/b><\/small><\/span>&nbsp;&nbsp;&nbsp;Grande parte do trabalho da administra\u00e7\u00e3o federal \u00e9 efetuada pelas dez autoridades regionais (subfederais), cada uma delas consistindo na associa\u00e7\u00e3o de dez estados. Essas divis\u00f5es regionais s\u00e3o totalmente executivas e administrativas, n\u00e3o tendo fun\u00e7\u00f5es legislativas nem judici\u00e1rias. Os dez postos de executivos regionais s\u00e3o apontados pessoalmente pelo chefe executivo federal, e o mandado deste coincide com o deles \u2014 seis anos. O supremo tribunal federal aprova a indica\u00e7\u00e3o desses dez executivos regionais e, ainda que n\u00e3o possa ser indicado novamente, o executivo que se aposenta torna-se automaticamente um assessor vinculado ao seu sucessor. Por outro lado, esses chefes regionais escolhem os seus pr\u00f3prios gabinetes de funcion\u00e1rios administrativos.<\/p>\n<p id=\"U72_2_9\"><span class=\"btn\"><small><b>72:2.9 (810.2)<\/b><\/small><\/span>&nbsp;&nbsp;&nbsp;Nessa na\u00e7\u00e3o, a justi\u00e7a \u00e9 feita por dois sistemas maiores de tribunais \u2014 os tribunais da lei e os tribunais socioecon\u00f4micos. Os tribunais da lei funcionam nos tr\u00eas n\u00edveis seguintes:<\/p>\n<p id=\"U72_2_10\"><span class=\"btn\"><small><b>72:2.10 (810.3)<\/b><\/small><\/span>&nbsp;&nbsp;&nbsp;1. As <em>cortes menores,<\/em> de jurisdi\u00e7\u00e3o municipal e local, de cujas decis\u00f5es se pode apelar aos altos tribunais do estado.<\/p>\n<p id=\"U72_2_11\"><span class=\"btn\"><small><b>72:2.11 (810.4)<\/b><\/small><\/span>&nbsp;&nbsp;&nbsp;2. As <em>cortes supremas dos estados,<\/em> cujas decis\u00f5es s\u00e3o finais, para todas as quest\u00f5es que n\u00e3o envolvam o governo federal, e que n\u00e3o coloquem em perigo os direitos dos cidad\u00e3os e as suas liberdades. Os executivos regionais t\u00eam poder de levar qualquer caso imediatamente ao foro da suprema corte federal.<\/p>\n<p id=\"U72_2_12\"><span class=\"btn\"><small><b>72:2.12 (810.5)<\/b><\/small><\/span>&nbsp;&nbsp;&nbsp;3. A <em>suprema corte federal \u2014<\/em> o alto tribunal para julgamento das contendas nacionais e para os casos de apela\u00e7\u00f5es vindos das cortes dos estados. Esse supremo tribunal constitui-se de doze homens, acima dos quarenta e abaixo dos setenta e cinco anos de idade, que serviram por dois ou mais anos em algum tribunal estadual, e foram indicados para essa posi\u00e7\u00e3o elevada pelo chefe executivo, com a aprova\u00e7\u00e3o majorit\u00e1ria do supergabinete e da terceira c\u00e2mara da assembl\u00e9ia legislativa. Todas as decis\u00f5es desse corpo judici\u00e1rio supremo s\u00e3o tomadas por meio de pelo menos dois ter\u00e7os dos votos.<\/p>\n<p id=\"U72_2_13\"><span class=\"btn\"><small><b>72:2.13 (810.6)<\/b><\/small><\/span>&nbsp;&nbsp;&nbsp;Os tribunais socioecon\u00f4micos funcionam nas tr\u00eas divis\u00f5es seguintes:<\/p>\n<p id=\"U72_2_14\"><span class=\"btn\"><small><b>72:2.14 (810.7)<\/b><\/small><\/span>&nbsp;&nbsp;&nbsp;1. <em>As cortes familiares,<\/em> associados \u00e0s divis\u00f5es legislativas e executivas do sistema social e familiar.<\/p>\n<p id=\"U72_2_15\"><span class=\"btn\"><small><b>72:2.15 (810.8)<\/b><\/small><\/span>&nbsp;&nbsp;&nbsp;2. <em>As cortes educacionais \u2014<\/em> os corpos jur\u00eddicos vinculados aos sistemas de escolas estaduais e regionais e associados ao setor executivo e ao legislativo do mecanismo administrativo educacional.<\/p>\n<p id=\"U72_2_16\"><span class=\"btn\"><small><b>72:2.16 (810.9)<\/b><\/small><\/span>&nbsp;&nbsp;&nbsp;3. <em>As cortes industriais \u2014<\/em> os tribunais de jurisdi\u00e7\u00f5es, investidos da autoridade plena para o esclarecimento de todos os mal-entendidos econ\u00f4micos.<\/p>\n<p id=\"U72_2_17\"><span class=\"btn\"><small><b>72:2.17 (810.10)<\/b><\/small><\/span>&nbsp;&nbsp;&nbsp;A suprema corte federal n\u00e3o julga os casos socioecon\u00f4micos, exceto mediante os votos de tr\u00eas quartos do terceiro setor legislativo do governo nacional, a c\u00e2mara dos antigos estadistas. Em outros casos, todas as decis\u00f5es do alto tribunal da fam\u00edlia, do tribunal educacional e do industrial representam a palavra final.<\/p>\n<h2 id=\"U72_3_0\">3. A Vida do Lar<\/h2>\n<p id=\"U72_3_1\"><span class=\"btn\"><small><b>72:3.1 (811.1)<\/b><\/small><\/span>&nbsp;&nbsp;&nbsp;Nesse continente, a lei n\u00e3o permite que duas fam\u00edlias vivam sob o mesmo teto. E, j\u00e1 que as habita\u00e7\u00f5es grupais foram interditadas pela lei, a maioria dos tipos de edif\u00edcios de apartamentos m\u00faltiplos foi demolida. Os solteiros, contudo, ainda vivem em clubes, hot\u00e9is e outras formas de habita\u00e7\u00f5es grupais. A menor \u00e1rea em que se permite a uma fam\u00edlia viver deve ter meio hectare de terra. Toda a terra e as outras propriedades usadas para prop\u00f3sitos de moradia s\u00e3o livres de impostos, at\u00e9 dez vezes o tamanho m\u00ednimo do lote para uma fam\u00edlia.<\/p>\n<p id=\"U72_3_2\"><span class=\"btn\"><small><b>72:3.2 (811.2)<\/b><\/small><\/span>&nbsp;&nbsp;&nbsp;A vida familiar desse povo melhorou consideravelmente durante o \u00faltimo s\u00e9culo. \u00c9 obrigat\u00f3rio que os progenitores, tanto o pai quanto a m\u00e3e, freq\u00fcentem a escola de puericultura para os pais. At\u00e9 mesmo os agricultores, que residem em pequenas col\u00f4nias no campo, fazem esse estudo por correspond\u00eancia, indo aos centros pr\u00f3ximos para uma instru\u00e7\u00e3o oral, uma vez a cada dez dias \u2014 a cada duas semanas, pois a semana ali tem de cinco dias.<\/p>\n<p id=\"U72_3_3\"><span class=\"btn\"><small><b>72:3.3 (811.3)<\/b><\/small><\/span>&nbsp;&nbsp;&nbsp;As fam\u00edlias t\u00eam, em m\u00e9dia, cinco crian\u00e7as, as quais ficam inteiramente sob o controle dos pais ou, em caso de morte de um ou de ambos, sob a guarda do tutor que for designado pelos tribunais da fam\u00edlia. Considera-se uma grande honra, para qualquer fam\u00edlia, ser recompensada com a guarda de um \u00f3rf\u00e3o de pai e m\u00e3e. Exames competitivos s\u00e3o feitos entre os pais, e o \u00f3rf\u00e3o \u00e9 concedido ao lar daqueles que apresentem as melhores qualifica\u00e7\u00f5es como pais.<\/p>\n<p id=\"U72_3_4\"><span class=\"btn\"><small><b>72:3.4 (811.4)<\/b><\/small><\/span>&nbsp;&nbsp;&nbsp;Esse povo considera o lar como a institui\u00e7\u00e3o b\u00e1sica da sua civiliza\u00e7\u00e3o. A expectativa \u00e9 de que a parte de maior valor na educa\u00e7\u00e3o de uma crian\u00e7a, da forma\u00e7\u00e3o e aperfei\u00e7oamento do seu car\u00e1ter, seja provida pelos seus pais e no lar, e o pai dedica quase tanta aten\u00e7\u00e3o \u00e0 cultura da crian\u00e7a quanto o faz a m\u00e3e.<\/p>\n<p id=\"U72_3_5\"><span class=\"btn\"><small><b>72:3.5 (811.5)<\/b><\/small><\/span>&nbsp;&nbsp;&nbsp;Toda a instru\u00e7\u00e3o sexual \u00e9 ministrada em casa pelos pais ou por guardi\u00e3es legais. A educa\u00e7\u00e3o moral \u00e9 oferecida pelos professores, durante os per\u00edodos de recreio, nas oficinas das escolas, mas a educa\u00e7\u00e3o religiosa n\u00e3o \u00e9 dada assim. A educa\u00e7\u00e3o religiosa \u00e9 considerada um privil\u00e9gio exclusivo dos pais, pois a religi\u00e3o \u00e9 vista como uma parte integral da vida do lar. A educa\u00e7\u00e3o puramente religiosa \u00e9 dada, publicamente, apenas nos templos de filosofia, pois esse povo desenvolveu as igrejas como institui\u00e7\u00f5es que n\u00e3o s\u00e3o t\u00e3o exclusivamente religiosas como as igrejas de Ur\u00e2ntia. Na filosofia desse povo, a religi\u00e3o \u00e9 o esfor\u00e7o para conhecer a Deus e manifestar amor pelo semelhante, servindo a ele; mas essa n\u00e3o \u00e9 uma concep\u00e7\u00e3o t\u00edpica do status da religi\u00e3o nas outras na\u00e7\u00f5es nesse planeta. A religi\u00e3o \u00e9 uma quest\u00e3o t\u00e3o completamente da fam\u00edlia, junto a esse povo, que n\u00e3o h\u00e1 locais p\u00fablicos devotados exclusivamente a reuni\u00f5es religiosas. Politicamente, a igreja e o estado, como os urantianos t\u00eam o habito de dizer, s\u00e3o inteiramente separados, mas h\u00e1 uma estranha superposi\u00e7\u00e3o entre religi\u00e3o e filosofia.<\/p>\n<p id=\"U72_3_6\"><span class=\"btn\"><small><b>72:3.6 (811.6)<\/b><\/small><\/span>&nbsp;&nbsp;&nbsp;At\u00e9 vinte anos atr\u00e1s, os instrutores espirituais (compar\u00e1veis aos pastores de Ur\u00e2ntia), que visitavam todas as fam\u00edlias, periodicamente, para examinar as crian\u00e7as e certificar-se de que elas foram instru\u00eddas adequadamente pelos seus pais, estavam sob a supervis\u00e3o do governo. Esses conselheiros espirituais e examinadores est\u00e3o agora sob a dire\u00e7\u00e3o da recentemente criada Funda\u00e7\u00e3o do Progresso Espiritual, uma institui\u00e7\u00e3o sustentada por contribui\u00e7\u00f5es volunt\u00e1rias. Essa institui\u00e7\u00e3o, possivelmente, n\u00e3o evoluir\u00e1 mais, antes da chegada de um Filho Magisterial do Para\u00edso.<\/p>\n<p id=\"U72_3_7\"><span class=\"btn\"><small><b>72:3.7 (811.7)<\/b><\/small><\/span>&nbsp;&nbsp;&nbsp;As crian\u00e7as permanecem legalmente submissas aos seus pais, at\u00e9 que tenham quinze anos, quando ent\u00e3o lhes s\u00e3o dadas as primeiras inicia\u00e7\u00f5es \u00e0s responsabilidades c\u00edvicas. Depois disso, a cada cinco anos, por cinco per\u00edodos consecutivos, exerc\u00edcios p\u00fablicos semelhantes s\u00e3o realizados para esses grupos et\u00e1rios; e, da\u00ed para a frente, as suas obriga\u00e7\u00f5es para com os pais diminuem, enquanto novas responsabilidades civis e sociais para com o estado s\u00e3o assumidas. O sufr\u00e1gio \u00e9 conferido aos vinte anos; o direito de casar sem o consentimento dos pais n\u00e3o \u00e9 concedido antes dos vinte e cinco anos, e os filhos devem deixar o lar ao atingir a idade de trinta anos.<\/p>\n<p id=\"U72_3_8\"><span class=\"btn\"><small><b>72:3.8 (812.1)<\/b><\/small><\/span>&nbsp;&nbsp;&nbsp;As leis para o casamento e o div\u00f3rcio s\u00e3o uniformes em toda a na\u00e7\u00e3o. O casamento antes dos vinte anos \u2014 a idade da emancipa\u00e7\u00e3o civil \u2014 n\u00e3o \u00e9 permitido. A permiss\u00e3o para o casamento s\u00f3 \u00e9 concedida um ano depois da notifica\u00e7\u00e3o da inten\u00e7\u00e3o e depois de ambos os noivos apresentarem certificados mostrando que eles foram devidamente instru\u00eddos, na escola de pais, a respeito das responsabilidades da sua vida de casados.<\/p>\n<p id=\"U72_3_9\" ><span class=\"btn\"><small><b>72:3.9 (812.2)<\/b><\/small><\/span>&nbsp;&nbsp;&nbsp;As regulamenta\u00e7\u00f5es para o div\u00f3rcio s\u00e3o de certo modo indulgentes, no entanto, os decretos de separa\u00e7\u00e3o, emitidos pelo tribunal da fam\u00edlia, n\u00e3o podem ser obtidos antes de um ano depois de o pedido haver sido registrado, e o ano nesse planeta \u00e9 consideravelmente mais longo do que em Ur\u00e2ntia. N\u00e3o obstante haver indulg\u00eancia nas leis do div\u00f3rcio, o \u00edndice atual de div\u00f3rcios \u00e9 de apenas um d\u00e9cimo daquele das ra\u00e7as civilizadas de Ur\u00e2ntia.<\/p>\n<h2 id=\"U72_4_0\">4. O Sistema Educacional<\/h2>\n<p id=\"U72_4_1\"><span class=\"btn\"><small><b>72:4.1 (812.3)<\/b><\/small><\/span>&nbsp;&nbsp;&nbsp;O sistema educacional dessa na\u00e7\u00e3o \u00e9 compuls\u00f3rio e misto nas escolas pr\u00e9-universit\u00e1rias, que os estudantes freq\u00fcentam dos cinco aos dezoito anos. Essas escolas s\u00e3o bastante diferentes das de Ur\u00e2ntia. N\u00e3o h\u00e1 salas de aula, apenas um estudo \u00e9 feito por vez e, depois dos tr\u00eas primeiros anos, todos os alunos tornam-se professores assistentes, instruindo os que est\u00e3o abaixo deles. Os livros s\u00e3o usados apenas para assegurar a informa\u00e7\u00e3o que ajudar\u00e1 a resolver os problemas que surgem nas oficinas-escola e nas fazendas-escola. Grande parte do mobili\u00e1rio usado nesse continente, bem como muitos dos aparelhos mec\u00e2nicos \u2014 esta \u00e9, ali, uma grande idade para as inven\u00e7\u00f5es e mecaniza\u00e7\u00e3o \u2014 s\u00e3o produzidos nessas oficinas. Adjacente a cada oficina existe uma biblioteca de trabalhos pr\u00e1ticos, onde os estudantes podem consultar os livros necess\u00e1rios como refer\u00eancia. A agricultura e a horticultura s\u00e3o tamb\u00e9m ensinadas, durante todo o per\u00edodo educacional, nas vastas fazendas cont\u00edguas a cada escola local.<\/p>\n<p id=\"U72_4_2\"><span class=\"btn\"><small><b>72:4.2 (812.4)<\/b><\/small><\/span>&nbsp;&nbsp;&nbsp;Os deficientes mentais s\u00e3o educados apenas na agricultura e na cria\u00e7\u00e3o de animais e s\u00e3o enviados, por toda a vida, para as col\u00f4nias especiais de cust\u00f3dia, onde s\u00e3o separados por sexo, para impedir a paternidade, a qual \u00e9 negada a todos os subnormais. Essas medidas restritivas t\u00eam estado em funcionamento por setenta e cinco anos; os mandados de interna\u00e7\u00e3o s\u00e3o emitidos pelos tribunais da fam\u00edlia.<\/p>\n<p id=\"U72_4_3\"><span class=\"btn\"><small><b>72:4.3 (812.5)<\/b><\/small><\/span>&nbsp;&nbsp;&nbsp;Todos tiram um m\u00eas de f\u00e9rias por ano. As escolas pr\u00e9-universit\u00e1rias s\u00e3o conduzidas durante nove meses, em um ano de dez meses, as f\u00e9rias sendo passadas com os pais ou amigos, em viagens. Essas viagens s\u00e3o uma parte do programa de educa\u00e7\u00e3o do adulto e continuam durante toda a vida; os fundos para fazer frente a essas despesas s\u00e3o acumulados pelos mesmos m\u00e9todos empregados para os fundos do seguro de assist\u00eancia \u00e0 velhice.<\/p>\n<p id=\"U72_4_4\"><span class=\"btn\"><small><b>72:4.4 (812.6)<\/b><\/small><\/span>&nbsp;&nbsp;&nbsp;Um quarto do tempo da escola \u00e9 devotado aos jogos \u2014 competi\u00e7\u00f5es atl\u00e9ticas. Os alunos destacam-se nas competi\u00e7\u00f5es locais, depois nas estaduais e regionais, e em seguida v\u00e3o para as provas nacionais de habilidade e per\u00edcia. Do mesmo modo, os concursos de orat\u00f3ria e m\u00fasica, tanto quanto os de ci\u00eancia e filosofia, ocupam a aten\u00e7\u00e3o dos estudantes, desde as divis\u00f5es sociais mais baixas, at\u00e9 chegarem aos concursos para as honras nacionais.<\/p>\n<p id=\"U72_4_5\"><span class=\"btn\"><small><b>72:4.5 (812.7)<\/b><\/small><\/span>&nbsp;&nbsp;&nbsp;A dire\u00e7\u00e3o da escola \u00e9 uma r\u00e9plica do governo nacional, com os seus tr\u00eas setores correlatos, o corpo dos professores funcionando como a terceira divis\u00e3o, a de assessoria legislativa. O objetivo principal da educa\u00e7\u00e3o nesse continente \u00e9 fazer de cada aluno um cidad\u00e3o que se auto-sustente.<\/p>\n<p id=\"U72_4_6\"><span class=\"btn\"><small><b>72:4.6 (813.1)<\/b><\/small><\/span>&nbsp;&nbsp;&nbsp;Cada crian\u00e7a que se gradua no sistema de escola pr\u00e9-universit\u00e1ria, aos dezoito anos, \u00e9 um artes\u00e3o habilidoso. Ent\u00e3o, come\u00e7a o estudo em livros e a busca de conhecimento especial seja nas escolas de adultos, seja nas universidades. Quando um estudante brilhante completa o seu trabalho antes do tempo previsto, lhe s\u00e3o concedidos, em recompensa, o tempo e os meios para que possa executar algum projeto almejado, do seu pr\u00f3prio invento. Todo o sistema educacional \u00e9 concebido para treinar adequadamente o indiv\u00edduo.<\/p>\n<h2 id=\"U72_5_0\">5. A Organiza\u00e7\u00e3o Industrial<\/h2>\n<p id=\"U72_5_1\"><span class=\"btn\"><small><b>72:5.1 (813.2)<\/b><\/small><\/span>&nbsp;&nbsp;&nbsp;A situa\u00e7\u00e3o industrial desse povo est\u00e1 longe dos seus ideais; o capital e o trabalho ainda t\u00eam os seus problemas, mas ambos est\u00e3o ajustando-se a um plano de coopera\u00e7\u00e3o sincera. Nesse continente singular, os trabalhadores est\u00e3o, cada vez mais, transformando-se em acionistas de todos os campos industriais; cada trabalhador inteligente est\u00e1, aos poucos, tornando-se um pequeno capitalista.<\/p>\n<p id=\"U72_5_2\"><span class=\"btn\"><small><b>72:5.2 (813.3)<\/b><\/small><\/span>&nbsp;&nbsp;&nbsp;Os antagonismos sociais est\u00e3o diminuindo, e a boa vontade est\u00e1 crescendo rapidamente. Nenhum problema econ\u00f4mico grave surgiu com a aboli\u00e7\u00e3o da escravatura (h\u00e1 cerca de cem anos), j\u00e1 que um ajustamento foi feito gradualmente com a libera\u00e7\u00e3o de dois por cento deles, a cada ano. Aos escravos que passaram satisfatoriamente pelos testes mentais, morais e f\u00edsicos, foi concedida a cidadania; muitos desses escravos superiores eram prisioneiros de guerra ou filhos desses prisioneiros. H\u00e1 cerca de cinq\u00fcenta anos, eles deportaram os \u00faltimos dos escravos inferiores e, mais recentemente ainda, est\u00e3o dedicando-se \u00e0 tarefa de reduzir os n\u00fameros das suas classes degeneradas e viciosas.<\/p>\n<p id=\"U72_5_3\"><span class=\"btn\"><small><b>72:5.3 (813.4)<\/b><\/small><\/span>&nbsp;&nbsp;&nbsp;Esses povos desenvolveram recentemente novas t\u00e9cnicas para o ajuste de mal-entendidos industriais e para corrigir os abusos econ\u00f4micos; t\u00e9cnicas essas que representam melhorias marcantes em rela\u00e7\u00e3o aos antigos m\u00e9todos de resolu\u00e7\u00e3o dos problemas. A viol\u00eancia foi proscrita como comportamento para solucionar as desaven\u00e7as pessoais ou industriais. Os sal\u00e1rios, os lucros e outras quest\u00f5es econ\u00f4micas n\u00e3o s\u00e3o rigidamente regulamentadas, mas s\u00e3o controladas, em geral, pelos legislativos industriais, enquanto todas as disputas que surgem na ind\u00fastria passam pelos tribunais industriais.<\/p>\n<p id=\"U72_5_4\"><span class=\"btn\"><small><b>72:5.4 (813.5)<\/b><\/small><\/span>&nbsp;&nbsp;&nbsp;Os tribunais industriais t\u00eam apenas trinta anos de exist\u00eancia, mas est\u00e3o funcionando muito satisfatoriamente. O mais recente desenvolvimento disp\u00f5e que, daquele momento em diante, os tribunais industriais reconhe\u00e7am que a compensa\u00e7\u00e3o legal recaia em uma das tr\u00eas divis\u00f5es:<\/p>\n<p id=\"U72_5_5\"><span class=\"btn\"><small><b>72:5.5 (813.6)<\/b><\/small><\/span>&nbsp;&nbsp;&nbsp;1. Taxas legais de juros sobre o capital investido.<\/p>\n<p id=\"U72_5_6\"><span class=\"btn\"><small><b>72:5.6 (813.7)<\/b><\/small><\/span>&nbsp;&nbsp;&nbsp;2. Vencimentos razo\u00e1veis para os empregados habilitados nas opera\u00e7\u00f5es industriais.<\/p>\n<p id=\"U72_5_7\"><span class=\"btn\"><small><b>72:5.7 (813.8)<\/b><\/small><\/span>&nbsp;&nbsp;&nbsp;3. Sal\u00e1rios justos e eq\u00fcitativos, pelo trabalho.<\/p>\n<p id=\"U72_5_8\"><span class=\"btn\"><small><b>72:5.8 (813.9)<\/b><\/small><\/span>&nbsp;&nbsp;&nbsp;E essas condi\u00e7\u00f5es ser\u00e3o satisfeitas, inicialmente, de acordo com um contrato ou, no caso de uma diminui\u00e7\u00e3o nos lucros, as partes compartilhar\u00e3o proporcionalmente de uma redu\u00e7\u00e3o transit\u00f3ria nos sal\u00e1rios. E, da\u00ed em diante, todos os ganhos que excedam os encargos fixos ser\u00e3o considerados como dividendos e ser\u00e3o rateados entre todas as tr\u00eas categorias: a do capital, a dos conhecimentos especializados e a do trabalho.<\/p>\n<p id=\"U72_5_9\" ><span class=\"btn\"><small><b>72:5.9 (813.10)<\/b><\/small><\/span>&nbsp;&nbsp;&nbsp;A cada dez anos, os executivos regionais ajustam e decretam as horas legais da jornada di\u00e1ria do trabalho. A ind\u00fastria opera atualmente com uma semana de cinco dias, trabalhando quatro e descansando um. Esse povo trabalha durante seis horas por dia e, como os estudantes, durante nove meses em um ano de dez meses. As f\u00e9rias s\u00e3o, em geral, gastas em viagens e, havendo sido desenvolvidos, muito recentemente, novos meios de transporte, toda a na\u00e7\u00e3o est\u00e1 inclinada a viajar. O clima favorece as viagens, durante oito meses ao ano, e eles est\u00e3o aproveitando ao m\u00e1ximo as oportunidades que surgem.<\/p>\n<p id=\"U72_5_10\"><span class=\"btn\"><small><b>72:5.10 (813.11)<\/b><\/small><\/span>&nbsp;&nbsp;&nbsp;H\u00e1 duzentos anos, a motiva\u00e7\u00e3o do lucro era inteiramente dominante na ind\u00fastria, mas hoje est\u00e1 sendo rapidamente substitu\u00edda por outras for\u00e7as mais elevadas. A competi\u00e7\u00e3o \u00e9 forte nesse continente, mas grande parte dela foi transferida da ind\u00fastria para o esporte, para as habilidades especiais, para a busca cient\u00edfica e para a realiza\u00e7\u00e3o intelectual. A competi\u00e7\u00e3o \u00e9 bastante ativa no servi\u00e7o social e na lealdade ao governo. Entre os desse povo, o servi\u00e7o p\u00fablico est\u00e1 rapidamente tornando-se um motivo principal de ambi\u00e7\u00e3o. O homem mais rico do continente trabalha seis horas por dia no escrit\u00f3rio da sua oficina de m\u00e1quinas e ent\u00e3o se apressa at\u00e9 a filial local da escola para estadistas, onde procura qualificar-se para o servi\u00e7o p\u00fablico.<\/p>\n<p id=\"U72_5_11\"><span class=\"btn\"><small><b>72:5.11 (814.1)<\/b><\/small><\/span>&nbsp;&nbsp;&nbsp;O trabalho est\u00e1-se tornando mais honroso nesse continente, e todos os cidad\u00e3os v\u00e1lidos, acima de dezoito anos, trabalham, seja em casa, seja nas fazendas, seja em alguma ind\u00fastria reconhecida, seja nos servi\u00e7os p\u00fablicos, onde aqueles que est\u00e3o temporariamente desempregados s\u00e3o absorvidos, ou ent\u00e3o nos corpos de trabalhadores compuls\u00f3rios nas minas.<\/p>\n<p id=\"U72_5_12\"><span class=\"btn\"><small><b>72:5.12 (814.2)<\/b><\/small><\/span>&nbsp;&nbsp;&nbsp;Esse povo come\u00e7a tamb\u00e9m a nutrir uma nova forma de avers\u00e3o social \u2014 a avers\u00e3o pela ociosidade, tanto quanto pela riqueza pela qual n\u00e3o se trabalhou. Lenta, mas certamente, eles est\u00e3o triunfando sobre as suas m\u00e1quinas. No passado, tamb\u00e9m eles lutaram pela liberdade pol\u00edtica e, subseq\u00fcentemente, pela liberdade econ\u00f4mica. Agora eles entram na fase de desfrutar de ambas e, al\u00e9m disso, come\u00e7am a apreciar o seu lazer bem merecido, que pode ser dedicado a aumentar a auto-realiza\u00e7\u00e3o.<\/p>\n<h2 id=\"U72_6_0\">6. O Seguro de Velhice<\/h2>\n<p id=\"U72_6_1\"><span class=\"btn\"><small><b>72:6.1 (814.3)<\/b><\/small><\/span>&nbsp;&nbsp;&nbsp;Essa na\u00e7\u00e3o est\u00e1 fazendo um esfor\u00e7o determinado para substituir o tipo de caridade que destr\u00f3i o auto-respeito, pelas garantias condignas do seguro governamental para a velhice. Essa na\u00e7\u00e3o proporciona a toda crian\u00e7a uma educa\u00e7\u00e3o e a todo homem um trabalho; podendo, portanto, com \u00eaxito, manter um esquema de seguro para a prote\u00e7\u00e3o aos enfermos e idosos.<\/p>\n<p id=\"U72_6_2\"><span class=\"btn\"><small><b>72:6.2 (814.4)<\/b><\/small><\/span>&nbsp;&nbsp;&nbsp;Todas as pessoas desse povo devem aposentar-se da busca de remunera\u00e7\u00e3o pelo trabalho aos sessenta e cinco anos, a menos que tenham uma permiss\u00e3o do comiss\u00e1rio do trabalho do estado, que lhes confira o direito a permanecer no trabalho at\u00e9 a idade de setenta anos. Essa idade limite n\u00e3o se aplica aos servidores do governo, nem aos fil\u00f3sofos. Os fisicamente incapacitados, ou permanentemente aleijados, podem ser colocados na lista de aposentados, a qualquer idade, por uma ordem da corte, contra-assinada pelo comiss\u00e1rio de pens\u00f5es do governo regional.<\/p>\n<p id=\"U72_6_3\"><span class=\"btn\"><small><b>72:6.3 (814.5)<\/b><\/small><\/span>&nbsp;&nbsp;&nbsp;Os fundos para as pens\u00f5es de velhice prov\u00eam de quatro fontes:<\/p>\n<p id=\"U72_6_4\"><span class=\"btn\"><small><b>72:6.4 (814.6)<\/b><\/small><\/span>&nbsp;&nbsp;&nbsp;1. Um dia dos ganhos, a cada m\u00eas, \u00e9 requisitado pelo governo federal, para esse prop\u00f3sito, e, nesse pa\u00eds, todos trabalham.<\/p>\n<p id=\"U72_6_5\"><span class=\"btn\"><small><b>72:6.5 (814.7)<\/b><\/small><\/span>&nbsp;&nbsp;&nbsp;2. Heran\u00e7as \u2014 muitos cidad\u00e3os ricos deixam fundos para esse fim.<\/p>\n<p id=\"U72_6_6\"><span class=\"btn\"><small><b>72:6.6 (814.8)<\/b><\/small><\/span>&nbsp;&nbsp;&nbsp;3. Os ganhos do trabalho compuls\u00f3rio nas minas do estado. Ap\u00f3s os trabalhadores recrutados retirarem o pr\u00f3prio sustento e mais as suas pr\u00f3prias contribui\u00e7\u00f5es de aposentadoria, todos os ganhos do seu trabalho que excederem a tudo isso v\u00e3o para esse fundo de pens\u00e3o.<\/p>\n<p id=\"U72_6_7\"><span class=\"btn\"><small><b>72:6.7 (814.9)<\/b><\/small><\/span>&nbsp;&nbsp;&nbsp;4. A renda de recursos naturais. Toda a riqueza natural do continente \u00e9 mantida como um monop\u00f3lio social pelo governo federal, e a renda proveniente dela \u00e9 utilizada sempre para um prop\u00f3sito social, tal como: a preven\u00e7\u00e3o de doen\u00e7as, a educa\u00e7\u00e3o dos g\u00eanios e as despesas com os indiv\u00edduos que representem promessas especiais nas escolas do estado. A metade da renda dos recursos naturais vai para o fundo de pens\u00e3o para a velhice.<\/p>\n<p id=\"U72_6_8\"><span class=\"btn\"><small><b>72:6.8 (814.10)<\/b><\/small><\/span>&nbsp;&nbsp;&nbsp;Embora as funda\u00e7\u00f5es dedicadas aos seguros do estado e das prov\u00edncias forne\u00e7am muitas formas de seguro de prote\u00e7\u00e3o, as pens\u00f5es para a velhice s\u00e3o administradas apenas pelo governo federal, por meio dos dez departamentos regionais.<\/p>\n<p id=\"U72_6_9\"><span class=\"btn\"><small><b>72:6.9 (814.11)<\/b><\/small><\/span>&nbsp;&nbsp;&nbsp;Esses fundos governamentais h\u00e1 muito v\u00eam sendo administrados honestamente. As penas mais pesadas, depois das penas dadas \u00e0 trai\u00e7\u00e3o e ao assassinato, aplicadas pelas cortes, est\u00e3o ligadas \u00e0 trai\u00e7\u00e3o da confian\u00e7a p\u00fablica. As deslealdades sociais e pol\u00edticas s\u00e3o atualmente consideradas os mais odientos de todos os crimes.<\/p>\n<h2 id=\"U72_7_0\">7. Os Impostos<\/h2>\n<p id=\"U72_7_1\"><span class=\"btn\"><small><b>72:7.1 (815.1)<\/b><\/small><\/span>&nbsp;&nbsp;&nbsp;O governo federal \u00e9 paternalista apenas quanto \u00e0 administra\u00e7\u00e3o das pens\u00f5es para a velhice e quanto a fomentar o g\u00eanio e a originalidade criativos; os governos dos estados est\u00e3o ligeiramente mais preocupados com o cidad\u00e3o individualmente, enquanto os governos das prov\u00edncias locais s\u00e3o muito mais paternalistas ou socialistas. A cidade (ou algumas divis\u00f5es dela) preocupa-se com quest\u00f5es como sa\u00fade, saneamento, normas de constru\u00e7\u00e3o, ornamenta\u00e7\u00e3o, suprimento de \u00e1gua, ilumina\u00e7\u00e3o, aquecimento, recrea\u00e7\u00e3o, m\u00fasica e comunica\u00e7\u00f5es.<\/p>\n<p id=\"U72_7_2\"><span class=\"btn\"><small><b>72:7.2 (815.2)<\/b><\/small><\/span>&nbsp;&nbsp;&nbsp;Em toda a ind\u00fastria, a maior aten\u00e7\u00e3o \u00e9 voltada para a sa\u00fade; alguns aspectos do bem-estar f\u00edsico s\u00e3o considerados prerrogativas industriais e comunit\u00e1rias, mas os problemas da sa\u00fade individual e da fam\u00edlia s\u00e3o quest\u00f5es apenas para a preocupa\u00e7\u00e3o pessoal. Na medicina, como em todos os outros assuntos puramente pessoais, \u00e9 plano do governo interferir sempre menos.<\/p>\n<p id=\"U72_7_3\"><span class=\"btn\"><small><b>72:7.3 (815.3)<\/b><\/small><\/span>&nbsp;&nbsp;&nbsp;As cidades n\u00e3o t\u00eam poder para cobrar impostos, nem podem contrair d\u00e9bitos. Elas recebem dota\u00e7\u00f5es do tesouro do estado, per capita da sua popula\u00e7\u00e3o, e devem suplementar essa receita com os ganhos dos seus empreendimentos socializados e por meio das concess\u00f5es de v\u00e1rias atividades comerciais.<\/p>\n<p id=\"U72_7_4\"><span class=\"btn\"><small><b>72:7.4 (815.4)<\/b><\/small><\/span>&nbsp;&nbsp;&nbsp;As instala\u00e7\u00f5es de tr\u00e2nsito r\u00e1pido, que facilitam consideravelmente a expans\u00e3o das fronteiras das cidades, ficam sob o controle municipal. Os corpos municipais de bombeiros s\u00e3o sustentados pelas funda\u00e7\u00f5es de preven\u00e7\u00e3o de inc\u00eandios e de seguros, e todos os pr\u00e9dios na cidade e no campo s\u00e3o \u00e0 prova de fogo \u2014 tem sido assim por mais de setenta e cinco anos.<\/p>\n<p id=\"U72_7_5\"><span class=\"btn\"><small><b>72:7.5 (815.5)<\/b><\/small><\/span>&nbsp;&nbsp;&nbsp;N\u00e3o h\u00e1 funcion\u00e1rios municipais destacados para manter a paz; as for\u00e7as policiais s\u00e3o mantidas pelo governo do estado. Esse departamento \u00e9 recrutado quase que inteiramente junto aos solteiros entre vinte e cinco e cinq\u00fcenta anos. A maior parte dos estados aplica altos impostos aos solteiros, e estes s\u00e3o destinados a todos os homens que integram a pol\u00edcia do estado. A for\u00e7a policial dos estados tem atualmente, em m\u00e9dia, apenas um d\u00e9cimo do tamanho que tinha cinq\u00fcenta anos atr\u00e1s.<\/p>\n<p id=\"U72_7_6\"><span class=\"btn\"><small><b>72:7.6 (815.6)<\/b><\/small><\/span>&nbsp;&nbsp;&nbsp;H\u00e1 pouca ou nenhuma uniformidade entre os esquemas de impostos dos cem estados relativamente livres e soberanos, pois as condi\u00e7\u00f5es econ\u00f4micas e tudo o mais varia, consideravelmente, nas diferentes partes do continente. Cada estado tem dez disposi\u00e7\u00f5es constitucionais b\u00e1sicas que n\u00e3o podem ser modificadas, a n\u00e3o ser com o consentimento da suprema corte federal; e um desses artigos impede a cobran\u00e7a de um imposto de mais de um por cento sobre o valor de qualquer propriedade, durante um mesmo ano; os domic\u00edlios, urbanos ou n\u00e3o, est\u00e3o isentos.<\/p>\n<p id=\"U72_7_7\"><span class=\"btn\"><small><b>72:7.7 (815.7)<\/b><\/small><\/span>&nbsp;&nbsp;&nbsp;O governo federal n\u00e3o pode contrair d\u00edvidas, e a aprova\u00e7\u00e3o por uma maioria de tr\u00eas quartos \u00e9 exigida para que qualquer estado possa tomar recursos emprestados, a menos que seja para prop\u00f3sitos de guerra. Como o governo federal n\u00e3o pode incorrer em d\u00e9bito, em caso de guerra o Conselho Nacional da Defesa tem o poder de requisitar fundos dos estados, e tamb\u00e9m homens e materiais, segundo a necessidade. Todo d\u00e9bito, por\u00e9m, deve ser pago em menos de vinte e cinco anos.<\/p>\n<p id=\"U72_7_8\"><span class=\"btn\"><small><b>72:7.8 (815.8)<\/b><\/small><\/span>&nbsp;&nbsp;&nbsp;A renda para manter o governo federal \u00e9 retirada das cinco fontes seguintes:<\/p>\n<p id=\"U72_7_9\"><span class=\"btn\"><small><b>72:7.9 (815.9)<\/b><\/small><\/span>&nbsp;&nbsp;&nbsp;1. <em>Impostos sobre importa\u00e7\u00f5es.<\/em> Todas as importa\u00e7\u00f5es est\u00e3o sujeitas a uma tarifa destinada a proteger o padr\u00e3o de vida desse continente, que est\u00e1 muito acima do de qualquer outra na\u00e7\u00e3o do planeta. Essas tarifas s\u00e3o estabelecidas pela mais alta corte industrial, depois que ambas as casas do congresso industrial houverem ratificado as recomenda\u00e7\u00f5es do chefe executivo dos assuntos econ\u00f4micos, o qual \u00e9 apontado, em conjunto, por esses dois \u00f3rg\u00e3os legislativos. A c\u00e2mara industrial superior \u00e9 eleita pelo trabalho, e a c\u00e2mara baixa, pelo capital.<\/p>\n<p id=\"U72_7_10\"><span class=\"btn\"><small><b>72:7.10 (816.1)<\/b><\/small><\/span>&nbsp;&nbsp;&nbsp;2. <em>Direitos de patentes.<\/em> O governo federal encoraja a inven\u00e7\u00e3o e as cria\u00e7\u00f5es originais, nos dez laborat\u00f3rios regionais, dando assist\u00eancia a todos os tipos de g\u00eanios \u2014 artistas, autores, e cientistas \u2014 e protegendo as patentes deles. Em troca, o governo fica com a metade dos lucros advindos dessas cria\u00e7\u00f5es e inven\u00e7\u00f5es, seja vindos de m\u00e1quinas, livros, objetos de arte, plantas ou animais.<\/p>\n<p id=\"U72_7_11\"><span class=\"btn\"><small><b>72:7.11 (816.2)<\/b><\/small><\/span>&nbsp;&nbsp;&nbsp;3. <em>Imposto sobre a heran\u00e7a.<\/em> O governo federal cobra uma taxa gradativa sobre a heran\u00e7a, que varia de um a cinq\u00fcenta por cento, dependendo do porte da propriedade e de outras condi\u00e7\u00f5es.<\/p>\n<p id=\"U72_7_12\"><span class=\"btn\"><small><b>72:7.12 (816.3)<\/b><\/small><\/span>&nbsp;&nbsp;&nbsp;4. <em>Equipamento militar.<\/em> O governo arrecada uma soma apreci\u00e1vel com os alugu\u00e9is dos equipamentos navais e militares, para uso comercial e recreativo.<\/p>\n<p id=\"U72_7_13\"><span class=\"btn\"><small><b>72:7.13 (816.4)<\/b><\/small><\/span>&nbsp;&nbsp;&nbsp;5. <em>Recursos naturais.<\/em> A renda que prov\u00e9m dos recursos naturais, quando n\u00e3o destinada, na sua totalidade, aos prop\u00f3sitos espec\u00edficos designados na constitui\u00e7\u00e3o da federa\u00e7\u00e3o, \u00e9 revertida para o tesouro nacional.<\/p>\n<p id=\"U72_7_14\"><span class=\"btn\"><small><b>72:7.14 (816.5)<\/b><\/small><\/span>&nbsp;&nbsp;&nbsp;Os or\u00e7amentos federais, exceto os fundos de guerra solicitados pelo Conselho Nacional da Defesa, s\u00e3o propostos pela c\u00e2mara legislativa superior, sancionados pela c\u00e2mara baixa, aprovados pelo chefe executivo e, finalmente, validados pela comiss\u00e3o federal de or\u00e7amento. Os cem membros dessa comiss\u00e3o s\u00e3o indicados pelos governadores dos estados e eleitos pelos legislativos dos estados, para servirem por vinte e quatro anos, um quarto deles sendo eleito a cada seis anos. A cada seis anos esse corpo elege, por uma maioria de tr\u00eas quartos, um dos seus membros como chefe, e ele, assim, torna-se o diretor-controlador do tesouro federal.<\/p>\n<h2 id=\"U72_8_0\">8. As Escolas Superiores Especiais<\/h2>\n<p id=\"U72_8_1\" ><span class=\"btn\"><small><b>72:8.1 (816.6)<\/b><\/small><\/span>&nbsp;&nbsp;&nbsp;Al\u00e9m do programa compuls\u00f3rio b\u00e1sico de educa\u00e7\u00e3o, que abrange desde a idade de cinco anos at\u00e9 os dezoito, as escolas superiores especiais s\u00e3o mantidas do modo seguinte:<\/p>\n<p id=\"U72_8_2\"><span class=\"btn\"><small><b>72:8.2 (816.7)<\/b><\/small><\/span>&nbsp;&nbsp;&nbsp;1. <em>Escolas de administra\u00e7\u00e3o estatal.<\/em> Essas escolas s\u00e3o de tr\u00eas classes: nacionais, regionais e dos estados. Os cargos p\u00fablicos da na\u00e7\u00e3o est\u00e3o agrupados em quatro divis\u00f5es. A primeira divis\u00e3o de responsabilidade p\u00fablica \u00e9, sobretudo, relacionada \u00e0 administra\u00e7\u00e3o nacional, e todos os funcion\u00e1rios ocupantes desses postos devem ser graduados em ambas as escolas de administra\u00e7\u00e3o estatal, a escola regional e a nacional. Na segunda divis\u00e3o, os indiv\u00edduos podem aceitar um posto pol\u00edtico, eletivo ou por designa\u00e7\u00e3o, depois de se graduarem em qualquer das dez escolas superiores regionais de administra\u00e7\u00e3o estatal; as suas miss\u00f5es envolvem responsabilidades na administra\u00e7\u00e3o regional e nos governos dos estados. A terceira divis\u00e3o inclui responsabilidades nos estados, e desses funcion\u00e1rios \u00e9 exigido apenas que tenham gradua\u00e7\u00f5es em administra\u00e7\u00e3o estatal. Da quarta e \u00faltima divis\u00e3o de funcion\u00e1rios n\u00e3o \u00e9 exigido que tenham gradua\u00e7\u00e3o em administra\u00e7\u00e3o estatal, pois esses cargos s\u00e3o exclusivamente designados. Essas posi\u00e7\u00f5es representam postos menores de assist\u00eancia, secretariado e tecnologia, os quais s\u00e3o desempenhados pelas v\u00e1rias profiss\u00f5es liberais que atuam em fun\u00e7\u00f5es da administra\u00e7\u00e3o do governo.<\/p>\n<p id=\"U72_8_3\"><span class=\"btn\"><small><b>72:8.3 (816.8)<\/b><\/small><\/span>&nbsp;&nbsp;&nbsp;Os ju\u00edzes das cortes menores e dos estados t\u00eam gradua\u00e7\u00f5es das escolas de administra\u00e7\u00e3o estatal. Os ju\u00edzes dos tribunais com jurisdi\u00e7\u00e3o sobre quest\u00f5es sociais, educacionais e industriais t\u00eam gradua\u00e7\u00f5es das escolas regionais de administra\u00e7\u00e3o. Os ju\u00edzes da suprema corte federal devem ter gradua\u00e7\u00f5es de todas essas escolas de administra\u00e7\u00e3o estatal.<\/p>\n<p id=\"U72_8_4\"><span class=\"btn\"><small><b>72:8.4 (817.1)<\/b><\/small><\/span>&nbsp;&nbsp;&nbsp;2. <em>Escolas de filosofia.<\/em> Estas escolas s\u00e3o filiadas aos templos de filosofia e s\u00e3o mais ou menos ligadas \u00e0 religi\u00e3o, como fun\u00e7\u00e3o p\u00fablica.<\/p>\n<p id=\"U72_8_5\"><span class=\"btn\"><small><b>72:8.5 (817.2)<\/b><\/small><\/span>&nbsp;&nbsp;&nbsp;3. <em>Institui\u00e7\u00f5es de ci\u00eancia.<\/em> Estas escolas t\u00e9cnicas s\u00e3o coordenadas \u00e0 ind\u00fastria mais do que ao sistema educacional, e s\u00e3o administradas sob quinze divis\u00f5es.<\/p>\n<p id=\"U72_8_6\"><span class=\"btn\"><small><b>72:8.6 (817.3)<\/b><\/small><\/span>&nbsp;&nbsp;&nbsp;4. <em>Escolas de aperfei\u00e7oamento profissional.<\/em> Essas institui\u00e7\u00f5es especiais proporcionam o aperfei\u00e7oamento t\u00e9cnico para as v\u00e1rias profiss\u00f5es liberais, e s\u00e3o doze no total.<\/p>\n<p id=\"U72_8_7\"><span class=\"btn\"><small><b>72:8.7 (817.4)<\/b><\/small><\/span>&nbsp;&nbsp;&nbsp;5. <em>Escolas militares e navais.<\/em> Pr\u00f3ximo da sede nacional e nos vinte e cinco centros militares costeiros s\u00e3o mantidas as institui\u00e7\u00f5es dedicadas ao aperfei\u00e7oamento militar dos cidad\u00e3os volunt\u00e1rios de dezoito a trinta anos de idade. O consentimento dos pais \u00e9 exigido, antes de vinte e cinco anos, para que se tenha acesso a essas escolas.<\/p>\n<h2 id=\"U72_9_0\">9. O Plano do Sufr\u00e1gio Universal<\/h2>\n<p id=\"U72_9_1\"><span class=\"btn\"><small><b>72:9.1 (817.5)<\/b><\/small><\/span>&nbsp;&nbsp;&nbsp;Embora as candidaturas a todos os cargos p\u00fablicos estejam restritas aos graduados pelas escolas de administra\u00e7\u00e3o p\u00fablica estaduais, regionais ou federais, os l\u00edderes progressistas dessa na\u00e7\u00e3o descobriram uma falha s\u00e9ria no seu plano de sufr\u00e1gio universal e, h\u00e1 cerca de cinq\u00fcenta anos, fizeram uma emenda constitucional provendo um esquema modificado de vota\u00e7\u00e3o com as seguintes caracter\u00edsticas:<\/p>\n<p id=\"U72_9_2\"><span class=\"btn\"><small><b>72:9.2 (817.6)<\/b><\/small><\/span>&nbsp;&nbsp;&nbsp;1. Todo homem e toda mulher de vinte anos, ou mais, tem direito a um voto. Ao atingir essa idade, todos os cidad\u00e3os devem aceitar ser membros de dois grupos de vota\u00e7\u00e3o. Ao primeiro eles pertencer\u00e3o de acordo com a sua fun\u00e7\u00e3o econ\u00f4mica \u2014 industrial, liberal, agr\u00edcola ou comercial; ao segundo grupo eles pertencer\u00e3o de acordo com as suas inclina\u00e7\u00f5es pol\u00edticas, filos\u00f3ficas e sociais. Todos os trabalhadores, desse modo, pertencem a algum grupo eleitoral econ\u00f4mico; e esses agrupamentos, como as associa\u00e7\u00f5es n\u00e3o-econ\u00f4micas, s\u00e3o regulamentados muito como o \u00e9 o governo nacional, com a sua tr\u00edplice divis\u00e3o de poderes. A afilia\u00e7\u00e3o a esses grupos n\u00e3o pode ser modificada por doze anos.<\/p>\n<p id=\"U72_9_3\"><span class=\"btn\"><small><b>72:9.3 (817.7)<\/b><\/small><\/span>&nbsp;&nbsp;&nbsp;2. Por meio de uma indica\u00e7\u00e3o feita pelos governadores dos estados ou pelos executivos regionais e pelo mandado dos supremos conselhos regionais, os indiv\u00edduos que houverem prestado grandes servi\u00e7os \u00e0 sociedade, ou que hajam demonstrado uma sabedoria extraordin\u00e1ria no servi\u00e7o do governo, podem ter um direito adicional de voto conferido a eles, mas com uma freq\u00fc\u00eancia n\u00e3o maior do que a cada cinco anos, e esse direito adicional n\u00e3o dever\u00e1 exceder a nove votos. O sufr\u00e1gio m\u00e1ximo de qualquer votante m\u00faltiplo \u00e9 de dez votos. Os cientistas, os inventores, os professores, os fil\u00f3sofos e os l\u00edderes espirituais tamb\u00e9m s\u00e3o reconhecidos, e, assim, s\u00e3o honrados com um poder pol\u00edtico maior. Esses privil\u00e9gios c\u00edvicos avan\u00e7ados s\u00e3o conferidos pelo estado e pelos supremos conselhos regionais, exatamente como os diplomas s\u00e3o conferidos pelas universidades especiais; e aqueles que os recebem ficam orgulhosos de colocar os s\u00edmbolos desse reconhecimento c\u00edvico, junto com os seus outros diplomas, nas suas listas de realiza\u00e7\u00f5es pessoais.<\/p>\n<p id=\"U72_9_4\"><span class=\"btn\"><small><b>72:9.4 (817.8)<\/b><\/small><\/span>&nbsp;&nbsp;&nbsp;3. Todos os indiv\u00edduos sentenciados ao trabalho compuls\u00f3rio nas minas e todos os servidores governamentais mantidos pelos fundos dos impostos perdem o direito de voto, durante o per\u00edodo desses servi\u00e7os. Isso n\u00e3o se aplica a pessoas idosas, que podem aposentar-se aos sessenta e cinco anos de idade.<\/p>\n<p id=\"U72_9_5\"><span class=\"btn\"><small><b>72:9.5 (817.9)<\/b><\/small><\/span>&nbsp;&nbsp;&nbsp;4. H\u00e1 cinco escal\u00f5es de sufr\u00e1gio, refletindo a m\u00e9dia anual de impostos pagos anualmente para cada per\u00edodo de meia d\u00e9cada. Aqueles que pagam impostos mais altos t\u00eam direito a votos extras at\u00e9 um m\u00e1ximo de cinco. Essa concess\u00e3o independe de todos os outros reconhecimentos, mas, em nenhuma hip\u00f3tese, uma pessoa pode ter direito a mais de dez votos.<\/p>\n<p id=\"U72_9_6\"><span class=\"btn\"><small><b>72:9.6 (818.1)<\/b><\/small><\/span>&nbsp;&nbsp;&nbsp;5. Na \u00e9poca em que esse plano de sufr\u00e1gio foi adotado, o m\u00e9todo territorial de vota\u00e7\u00e3o foi abandonado em favor do sistema funcional ou econ\u00f4mico. Todos os cidad\u00e3os, agora, votam como membros de grupos industriais, sociais ou de profissionais liberais, independentemente da sua resid\u00eancia. Assim, o eleitorado consiste em grupos solidificados, unificados e inteligentes, que elegem apenas os seus melhores membros para as posi\u00e7\u00f5es de confian\u00e7a e de responsabilidade no governo. H\u00e1 uma exce\u00e7\u00e3o a esse esquema de voto funcional ou grupal: a elei\u00e7\u00e3o de um chefe do executivo federal, a cada seis anos, \u00e9 feita com votos de toda a na\u00e7\u00e3o, e nenhum cidad\u00e3o vota mais do que uma vez.<\/p>\n<p id=\"U72_9_7\"><span class=\"btn\"><small><b>72:9.7 (818.2)<\/b><\/small><\/span>&nbsp;&nbsp;&nbsp;Assim, exceto na elei\u00e7\u00e3o do chefe do executivo, o sufr\u00e1gio \u00e9 exercido por agrupamentos econ\u00f4micos, profissionais, intelectuais e sociais de toda a cidadania. O estado ideal \u00e9 org\u00e2nico, e todo grupo livre e inteligente de cidad\u00e3os representa um \u00f3rg\u00e3o vital e funcional dentro do organismo governamental maior.<\/p>\n<p id=\"U72_9_8\"><span class=\"btn\"><small><b>72:9.8 (818.3)<\/b><\/small><\/span>&nbsp;&nbsp;&nbsp;As escolas de administra\u00e7\u00e3o estatal t\u00eam o poder de entrar com processos judiciais junto \u00e0s cortes do estado, visando a desautorizar o voto de qualquer indiv\u00edduo defeituoso, indolente, indiferente ou criminoso. Esse povo reconhece que, quando cinq\u00fcenta por cento de uma na\u00e7\u00e3o \u00e9 inferior ou ausente e tem direito ao voto, essa na\u00e7\u00e3o est\u00e1 condenada. Eles acreditam que o predom\u00ednio da mediocridade provoca a queda de qualquer na\u00e7\u00e3o. O voto \u00e9 obrigat\u00f3rio, e pesadas multas s\u00e3o dadas a quem deixar de depositar o seu voto.<\/p>\n<h2 id=\"U72_10_0\">10. Lidando com o Crime<\/h2>\n<p id=\"U72_10_1\"><span class=\"btn\"><small><b>72:10.1 (818.4)<\/b><\/small><\/span>&nbsp;&nbsp;&nbsp;Os m\u00e9todos que esse povo tem para lidar com o crime, a insanidade e a degeneresc\u00eancia, ainda que possam agradar sob alguns aspectos, sem d\u00favida, sob outros, parecer\u00e3o chocantes \u00e0 maioria dos urantianos. Os criminosos comuns e os deficientes s\u00e3o, separadamente por sexo, colocados em col\u00f4nias agr\u00edcolas, onde eles produzem mais do que o necess\u00e1rio para sustentar-se. Os criminosos habituais mais s\u00e9rios ou incuravelmente insanos s\u00e3o sentenciados \u00e0 morte, em c\u00e2maras de gases letais, pelos tribunais. In\u00fameros crimes, afora o de assassinato, incluindo a trai\u00e7\u00e3o da confian\u00e7a governamental, tamb\u00e9m implicam a puni\u00e7\u00e3o de morte, e a a\u00e7\u00e3o da justi\u00e7a \u00e9 certa e r\u00e1pida.<\/p>\n<p id=\"U72_10_2\"><span class=\"btn\"><small><b>72:10.2 (818.5)<\/b><\/small><\/span>&nbsp;&nbsp;&nbsp;Esse povo est\u00e1 passando da era negativa para a era positiva da lei. Recentemente, eles chegaram a ponto de tentar a preven\u00e7\u00e3o do crime sentenciando aqueles que se acredita serem assassinos e criminosos maiores, em potencial, ao servi\u00e7o perp\u00e9tuo nas col\u00f4nias penais. Se esses condenados demonstrarem, subseq\u00fcentemente, que se tornaram como normais, eles podem ser libertados condicionalmente ou perdoados. O \u00edndice de homic\u00eddios, nesse continente, \u00e9 apenas de um por cento do das outras na\u00e7\u00f5es.<\/p>\n<p id=\"U72_10_3\"><span class=\"btn\"><small><b>72:10.3 (818.6)<\/b><\/small><\/span>&nbsp;&nbsp;&nbsp;Os esfor\u00e7os para impedir que os criminosos e deficientes se reproduzam come\u00e7aram h\u00e1 cerca de cem anos e j\u00e1 alcan\u00e7aram resultados gratificantes. N\u00e3o h\u00e1 pris\u00f5es nem hospitais para os dementes. E h\u00e1 uma raz\u00e3o para tal: o n\u00famero dessas pessoas \u00e9 cerca de dez vezes menor do que em Ur\u00e2ntia.<\/p>\n<h2 id=\"U72_11_0\">11. A Prontid\u00e3o Militar<\/h2>\n<p id=\"U72_11_1\"><span class=\"btn\"><small><b>72:11.1 (818.7)<\/b><\/small><\/span>&nbsp;&nbsp;&nbsp;Os graduados das escolas militares federais podem ser promovidos pelo presidente do Conselho Nacional da Defesa a \u201cguardi\u00e3es da civiliza\u00e7\u00e3o\u201d, em sete escal\u00f5es, de acordo com a capacidade e experi\u00eancia. Esse conselho consiste em vinte e cinco membros, nomeados pelos tribunais superiores da fam\u00edlia, da educa\u00e7\u00e3o e das ind\u00fastrias, confirmados pela suprema corte federal e presididos ex officio pelo chefe da assessoria coordenada de assuntos militares. Esses membros servem at\u00e9 os setenta anos de idade.<\/p>\n<p id=\"U72_11_2\"><span class=\"btn\"><small><b>72:11.2 (819.1)<\/b><\/small><\/span>&nbsp;&nbsp;&nbsp;Os cursos que esses oficiais nomeados fazem t\u00eam quatro anos de dura\u00e7\u00e3o e s\u00e3o relacionados, invariavelmente, com a mestria de algum of\u00edcio ou profiss\u00e3o. O aperfei\u00e7oamento militar nunca \u00e9 dado sem estar associado a essa escolaridade industrial, cient\u00edfica ou profissional. Quando o aperfei\u00e7oamento militar \u00e9 completado, o indiv\u00edduo ter\u00e1, durante os quatro anos do curso, recebido a metade da educa\u00e7\u00e3o administrada em qualquer das escolas especiais, nas quais os cursos t\u00eam, do mesmo modo, quatro anos de dura\u00e7\u00e3o. Desse modo, a cria\u00e7\u00e3o de uma classe militar profissional \u00e9 evitada, proporcionando a um grande n\u00famero de homens a oportunidade de sustentar a si pr\u00f3prios, ao mesmo tempo em que lhes \u00e9 assegurada a primeira metade de um aperfei\u00e7oamento t\u00e9cnico ou profissional.<\/p>\n<p id=\"U72_11_3\"><span class=\"btn\"><small><b>72:11.3 (819.2)<\/b><\/small><\/span>&nbsp;&nbsp;&nbsp;O servi\u00e7o militar, durante os tempos de paz, \u00e9 puramente volunt\u00e1rio, e o alistamento em todos os ramos do servi\u00e7o dura quatro anos, durante os quais todo homem segue uma linha especial de estudo, al\u00e9m do mestrado em t\u00e1ticas militares. A educa\u00e7\u00e3o musical est\u00e1 entre as mais visadas das escolas militares centrais e dos vinte e cinco campos de aperfei\u00e7oamento distribu\u00eddos pela periferia do continente. Durante os per\u00edodos de inatividade industrial, muitos milhares de desocupados s\u00e3o automaticamente utilizados para refor\u00e7ar as defesas militares do continente, na terra, no mar e no ar.<\/p>\n<p id=\"U72_11_4\"><span class=\"btn\"><small><b>72:11.4 (819.3)<\/b><\/small><\/span>&nbsp;&nbsp;&nbsp;Embora esse povo mantenha um poderoso destacamento de guerra para a defesa contra a invas\u00e3o pelos povos vizinhos hostis, deve ser lembrado, a seu favor, que eles nunca empregaram, durante mais de cem anos, esses recursos militares em uma guerra ofensiva. Eles tornaram-se civilizados a ponto de poder defender vigorosamente a civiliza\u00e7\u00e3o, sem ceder \u00e0 tenta\u00e7\u00e3o de utilizar o seu poderio de guerra para a agress\u00e3o. N\u00e3o houve guerras civis desde o estabelecimento do estado continental unido, mas, durante os dois \u00faltimos s\u00e9culos, esse povo foi levado a travar nove violentos conflitos defensivos, tr\u00eas dos quais contra poderosas confedera\u00e7\u00f5es de poderes mundiais. Embora essa na\u00e7\u00e3o mantenha uma defesa adequada contra ataques de vizinhos hostis, ela dedica muito mais aten\u00e7\u00e3o a formar estadistas, cientistas e fil\u00f3sofos.<\/p>\n<p id=\"U72_11_5\"><span class=\"btn\"><small><b>72:11.5 (819.4)<\/b><\/small><\/span>&nbsp;&nbsp;&nbsp;Quando essa na\u00e7\u00e3o est\u00e1 em paz com o mundo, todos os mecanismos de defesa m\u00f3vel ficam integralmente empregados nos neg\u00f3cios, no com\u00e9rcio e na recrea\u00e7\u00e3o. Quando a guerra \u00e9 declarada, toda a na\u00e7\u00e3o mobiliza-se. Durante o per\u00edodo de hostilidades, os sal\u00e1rios dos militares v\u00eam de todas as ind\u00fastrias, e os chefes de todos os departamentos militares tornam-se membros do gabinete do chefe do executivo.<\/p>\n<h2 id=\"U72_12_0\">12. As Outras Na\u00e7\u00f5es<\/h2>\n<p id=\"U72_12_1\"><span class=\"btn\"><small><b>72:12.1 (819.5)<\/b><\/small><\/span>&nbsp;&nbsp;&nbsp;Embora a sociedade e o governo desse povo especial sejam, sob muitos aspectos, superiores \u00e0queles das na\u00e7\u00f5es de Ur\u00e2ntia, deveria ser esclarecido que nos outros continentes (h\u00e1 onze continentes nesse planeta) os governos s\u00e3o definitivamente inferiores aos das na\u00e7\u00f5es mais avan\u00e7adas de Ur\u00e2ntia.<\/p>\n<p id=\"U72_12_2\" class=\"btl\"><small>72:12.2 (819.6)<\/b><\/small><\/span>&nbsp;&nbsp;&nbsp;Atualmente, esse governo superior est\u00e1 planejando estabelecer rela\u00e7\u00f5es diplom\u00e1ticas com os povos inferiores e, pela primeira vez, um grande l\u00edder religioso surgiu advogando o envio de mission\u00e1rios at\u00e9 essas na\u00e7\u00f5es vizinhas. Tememos que eles estejam a ponto de incorrer no erro que tantos outros cometeram, quando tentaram impingir uma cultura e uma religi\u00e3o superiores a outras ra\u00e7as. Que coisa maravilhosa poderia ser feita naquele mundo, se essa na\u00e7\u00e3o continental de cultura avan\u00e7ada trouxesse at\u00e9 a si o melhor dos povos vizinhos e, ent\u00e3o, depois de educ\u00e1-los, enviasse-os de volta como emiss\u00e1rios da cultura junto aos seus irm\u00e3os incivilizados! Claro est\u00e1 que, se um Filho Magisterial viesse logo a essa na\u00e7\u00e3o avan\u00e7ada, grandes coisas poderiam acontecer rapidamente nesse mundo.<\/p>\n<p id=\"U72_12_3\"><span class=\"btn\"><small><b>72:12.3 (820.1)<\/b><\/small><\/span>&nbsp;&nbsp;&nbsp;Esta narrativa sobre os assuntos de um planeta vizinho foi feita sob uma permiss\u00e3o especial, com a inten\u00e7\u00e3o de dar um avan\u00e7o \u00e0 civiliza\u00e7\u00e3o e de implementar a evolu\u00e7\u00e3o dos governos em Ur\u00e2ntia. Muito mais poderia ser dito, que sem d\u00favida causaria interesse e surpresa aos urantianos, mas a revela\u00e7\u00e3o feita desse modo atinge os limites daquilo que o nosso mandado permite.<\/p>\n<p id=\"U72_12_4\"><span class=\"btn\"><small><b>72:12.4 (820.2)<\/b><\/small><\/span>&nbsp;&nbsp;&nbsp;Os urantianos deveriam, contudo, observar que essa esfera irm\u00e3, da fam\u00edlia de Sat\u00e2nia, n\u00e3o foi beneficiada nem por miss\u00f5es magisteriais nem por miss\u00f5es de auto-outorga de Filhos do Para\u00edso. Nem est\u00e3o os v\u00e1rios povos de Ur\u00e2ntia separados uns dos outros por uma disparidade t\u00e3o grande de cultura como a que separa aquela na\u00e7\u00e3o continental dos seus irm\u00e3os planet\u00e1rios.<\/p>\n<p id=\"U72_12_5\"><span class=\"btn\"><small><b>72:12.5 (820.3)<\/b><\/small><\/span>&nbsp;&nbsp;&nbsp;A efus\u00e3o do Esp\u00edrito da Verdade proporciona uma fundamenta\u00e7\u00e3o de base espiritual para a realiza\u00e7\u00e3o de grandes feitos, no interesse da ra\u00e7a humana do mundo de auto-outorga. Ur\u00e2ntia est\u00e1, portanto, muito mais bem preparada para uma realiza\u00e7\u00e3o mais imediata de um governo planet\u00e1rio, com as suas leis pr\u00f3prias, mecanismos, s\u00edmbolos, conven\u00e7\u00f5es e l\u00ednguas \u2014 e tudo o que poderia contribuir muito poderosamente para o estabelecimento da paz mundial, dentro da lei; e que poderia conduzir a um alvorecer futuro de uma verdadeira idade de busca e empenho espiritual, e essa idade \u00e9 o portal planet\u00e1rio para as idades ut\u00f3picas de luz e vida.<\/p>\n<p id=\"U72_12_6\"><span class=\"btn\"><small><b>72:12.6 (820.4)<\/b><\/small><\/span>[Apresentado por um Melquisedeque de N\u00e9badon.]<\/p>\n","protected":false},"excerpt":{"rendered":"<p>Documento 72 do Livro de Ur\u00e2ntia O Governo, Num Planeta Vizinho 72:0.1 (808.1)&nbsp;&nbsp;&nbsp;Com a permiss\u00e3o de Lanaforge e a aprova\u00e7\u00e3o dos Alt\u00edssimos de Ed\u00eantia, eu estou autorizado a narrar certas coisas da vida social, moral e pol\u00edtica da mais avan\u00e7ada ra\u00e7a humana que vive em [&hellip;]<\/p>\n","protected":false},"author":1,"featured_media":0,"parent":0,"menu_order":0,"comment_status":"closed","ping_status":"closed","template":"","meta":{"footnotes":""},"class_list":["post-6764","page","type-page","status-publish","hentry"],"_links":{"self":[{"href":"https:\/\/tmarchives.com.br\/wp\/index.php?rest_route=\/wp\/v2\/pages\/6764","targetHints":{"allow":["GET"]}}],"collection":[{"href":"https:\/\/tmarchives.com.br\/wp\/index.php?rest_route=\/wp\/v2\/pages"}],"about":[{"href":"https:\/\/tmarchives.com.br\/wp\/index.php?rest_route=\/wp\/v2\/types\/page"}],"author":[{"embeddable":true,"href":"https:\/\/tmarchives.com.br\/wp\/index.php?rest_route=\/wp\/v2\/users\/1"}],"replies":[{"embeddable":true,"href":"https:\/\/tmarchives.com.br\/wp\/index.php?rest_route=%2Fwp%2Fv2%2Fcomments&post=6764"}],"version-history":[{"count":40,"href":"https:\/\/tmarchives.com.br\/wp\/index.php?rest_route=\/wp\/v2\/pages\/6764\/revisions"}],"predecessor-version":[{"id":9208,"href":"https:\/\/tmarchives.com.br\/wp\/index.php?rest_route=\/wp\/v2\/pages\/6764\/revisions\/9208"}],"wp:attachment":[{"href":"https:\/\/tmarchives.com.br\/wp\/index.php?rest_route=%2Fwp%2Fv2%2Fmedia&parent=6764"}],"curies":[{"name":"wp","href":"https:\/\/api.w.org\/{rel}","templated":true}]}}