{"id":4867,"date":"2023-08-04T15:27:23","date_gmt":"2023-08-04T15:27:23","guid":{"rendered":"https:\/\/tmarchives.com.br\/wp\/?page_id=4867"},"modified":"2026-04-30T04:08:45","modified_gmt":"2026-04-30T07:08:45","slug":"citacao-do-dia-do-truthbook","status":"publish","type":"page","link":"https:\/\/tmarchives.com.br\/wp\/","title":{"rendered":"As Cita\u00e7\u00f5es do livro de Ur\u00e2ntia sobre a vida"},"content":{"rendered":"\n<script>\n\nwindow.onload = setInterval(clock,1000);\nfunction clock()\n{\n    var d = new Date();\n    var date = d.getDate();\n    var year = d.getFullYear();\n    var month = d.getMonth();\n    var monthArr = [\"Janeiro\", \"Fevereiro\",\"Mar\u00e7o\", \"Abril\", \"Maio\", \"Junho\", \"Julho\", \"Agosto\", \"Setembro\", \"Outubro\", \"Novembro\",\"Dezembro\"];\n    month = monthArr[month];\n    document.getElementById(\"date\").innerHTML=month+\" \"+date+\", \"+year;\n}\n <\/script>\n\n\n\n<center><p class=\"three\"><h1 class=\"page-title\"><strong>Cita\u00e7\u00e3o do Dia do TruthBook<\/h2><\/strong><\/p><\/center>\n\n\n\n<table WIDTH=\"50%\" border='0'><tr><td WIDTH=\"15%\"><\/td><td><b><div id=\"date\"><\/div><\/b><\/td><td><\/td><td><\/td><\/tr><\/table>\n\n\n\n<div Align=\"center\"><img loading=\"lazy\" decoding=\"async\" Align=\"center\" style=\"display: block;  width=\"384\" height=\"384\" title=\"Jovem rezando com velas\" src=\"https:\/\/truthbook.com\/wp-content\/uploads\/qodimages\/16816649_525.jpg\"<\/div>\n\n\n\n<blockquote><center><p class='three' align='left'><em><b>Acertando os ponteiros<\/b><\/em><\/p><center>\n\n\n\n<center><p class='three' align='justify'>&#8220;Jesus comentou delongadamente sobre a rela\u00e7\u00e3o da prece com as palavras desleixadas e ofensivas, citando: \u201cColocai uma vigia, \u00f3 Senhor, na minha boca; tomai conta da porta dos meus l\u00e1bios\u201d.&#8221;<\/p><\/center>\n\n\n\n<center><b><p class=\"three\">Jesus<\/p><\/b><\/center>\n\n\n\n<center><p class=\"two\" align=\"center\"><em>O livro de Ur\u00e2ntia<\/em>,<a href='https:\/\/www.urantia.org\/pt\/o-livro-de-urantia\/documento-146-primeira-campanha-de-pregacao-na-galileia#U146_2_13' alt='Esse trecho no LU' title='Esse trecho no LU' target='_Blank' Rel=\"noopener\" rel=\"noopener\"> ( 146:2.13 )<\/a> <\/center>\n\n\n\n<center><p align='left' class=\"one\">Fonte:<a href=\"https:\/\/truthbook.com\/quotes-about-life\" target=\"_Blank\" rel=\"noopener\" class=\"nota\">truthbook.com<\/a>, todos os direitos reservados.<\/p><\/center><\/figure>\n<\/blockquote>\n\n\n\n<p><\/p>\n","protected":false},"excerpt":{"rendered":"<p>Cita\u00e7\u00e3o do Dia do TruthBook<\/p>\n","protected":false},"author":1,"featured_media":0,"parent":0,"menu_order":0,"comment_status":"closed","ping_status":"closed","template":"","meta":{"footnotes":""},"class_list":["post-4867","page","type-page","status-publish","hentry"],"_links":{"self":[{"href":"https:\/\/tmarchives.com.br\/wp\/index.php?rest_route=\/wp\/v2\/pages\/4867","targetHints":{"allow":["GET"]}}],"collection":[{"href":"https:\/\/tmarchives.com.br\/wp\/index.php?rest_route=\/wp\/v2\/pages"}],"about":[{"href":"https:\/\/tmarchives.com.br\/wp\/index.php?rest_route=\/wp\/v2\/types\/page"}],"author":[{"embeddable":true,"href":"https:\/\/tmarchives.com.br\/wp\/index.php?rest_route=\/wp\/v2\/users\/1"}],"replies":[{"embeddable":true,"href":"https:\/\/tmarchives.com.br\/wp\/index.php?rest_route=%2Fwp%2Fv2%2Fcomments&post=4867"}],"version-history":[{"count":1402,"href":"https:\/\/tmarchives.com.br\/wp\/index.php?rest_route=\/wp\/v2\/pages\/4867\/revisions"}],"predecessor-version":[{"id":13909,"href":"https:\/\/tmarchives.com.br\/wp\/index.php?rest_route=\/wp\/v2\/pages\/4867\/revisions\/13909"}],"wp:attachment":[{"href":"https:\/\/tmarchives.com.br\/wp\/index.php?rest_route=%2Fwp%2Fv2%2Fmedia&parent=4867"}],"curies":[{"name":"wp","href":"https:\/\/api.w.org\/{rel}","templated":true}]}}