{"id":1101,"date":"2020-03-25T01:19:12","date_gmt":"2020-03-25T01:19:12","guid":{"rendered":"http:\/\/tmarchives.com.br\/wp\/?page_id=1101"},"modified":"2024-03-10T17:05:30","modified_gmt":"2024-03-10T17:05:30","slug":"utopia","status":"publish","type":"page","link":"https:\/\/tmarchives.com.br\/wp\/?page_id=1101","title":{"rendered":"Uma pequena Utopia Urantiana"},"content":{"rendered":"\n<p style=\"font-size:11px\"><em><strong>por J. Frederico Abbott-Galv\u00e3o Jr.  <\/strong><\/em>                                                                                                                             <\/p>\n\n\n\n<p class=\"has-text-align-right\" style=\"font-size:11px\">    <a class=\"nota\" href=\"https:\/\/tmarchives.com.br\/wp\/?page_id=1124\">In English<\/a> <\/p>\n\n\n\n<p>A viol\u00eancia na sociedade humana trouxe \u00e0 nossa hist\u00f3ria uma for\u00e7a inercial decorrente de padr\u00f5es de comportamento que eram indispens\u00e1veis na luta pela sobreviv\u00eancia na selva, mas que agora s\u00e3o inaceit\u00e1veis, ao buscarmos a\u202fexcel\u00eancia e a perfei\u00e7\u00e3o sustent\u00e1veis. Desejamos ir para o espa\u00e7o e n\u00e3o pelos ares, neste S\u00e9culo XXI que avan\u00e7a de forma r\u00e1pida e complexa. A individualidade \u00e9 essencial para o ser humano e cada personalidade \u00e9 \u00fanica, mas o ego\u00edsmo desperdi\u00e7a energia quando exclui ou quando se defende da exclus\u00e3o ou invas\u00e3o. Por isso precisamos de um novo sinergismo (mente-alma-esp\u00edrito) fundado na boa-vontade, na boa f\u00e9 e no bom-senso, para seguirmos adiante com ordem, progresso e f\u00e9. Com tal sinergismo poderemos corrigir, nestes tempos transmilenares, o monumental atraso evolutivo do planeta. As amea\u00e7as que enfrentamos s\u00e3o assustadoras, mas o desafio que temos adiante \u00e9 muito mais motivador.\u00a0\u00a0<\/p>\n\n\n\n<p>Os her\u00f3is ilustram bem a in\u00e9rcia dos padr\u00f5es de comportamento estratificados ao longo de nossa evolu\u00e7\u00e3o: a atitude que admiramos neles poderia ser autom\u00e1tica em cada um de n\u00f3s. Como o ego\u00edsmo desaconselha sacrif\u00edcios extremos por qualquer causa, se algu\u00e9m pratica atos valorosos \u00e9 visto como her\u00f3i. Sabemos tamb\u00e9m que os talentos podem variar em grau, extens\u00e3o e profundidade, mas na verdade n\u00e3o conhecemos muito sobre a natureza deles ou sobre seus componentes gen\u00e9tico-circunstanciais. Os superdotados da MENSA se dizem normais, em meio aos 98% ainda dalt\u00f4nicos na popula\u00e7\u00e3o, que cultivam uma acomodada medianidade dita \u201cnormal\u201d \u2013os membros da Intertel est\u00e3o na faixa dos 1% superiores em testes de QI. Na famosa experi\u00eancia da Escola de A. S. Neill em Summerhill, Inglaterra, quase todos os alunos m\u00e9dios, a quem se comunicou serem superdotados, passaram a comportar-se como tal, ao passo que a maioria dos superdotados classificados de normais em pouco \u201cnormalizaram\u201d seu rendimento escolar. Eles acreditaram na autoridade estabelecida e corresponderam \u00e0s expectativas projetadas sobre o desempenho de sua intelig\u00eancia.\u00a0<\/p>\n\n\n\n<p>O justo posicionamento do cidad\u00e3o no seu meio social \u00e9 fator essencial para motiv\u00e1-lo e ativar nele as potencialidades de acelera\u00e7\u00e3o do progresso individual e conjunto. Um sistema educacional meritocr\u00e1tico e motivador, fundado na ambidestreza e no desenvolvimento equilibrado das intelig\u00eancias e sensibilidades que trazemos ao nascer (potenciais para a vida eterna), certamente produzir\u00e1 seres humanos \u00edntegros, ajustados e felizes, que se dedicar\u00e3o de bom grado ao bem comum em suas vidas.\u00a0\u00a0<\/p>\n\n\n\n<p>\u00a0No plano social, o senso de justi\u00e7a que a crian\u00e7a demonstra ter desde a primeira inf\u00e2ncia, ao ser fortemente contrariado em um grupo consider\u00e1vel provoca rea\u00e7\u00f5es compreensivelmente fortes, como ocorreu na Indon\u00e9sia em meados dos Anos \u201860 do s\u00e9culo passado; h\u00e1 mais de um s\u00e9culo na R\u00fassia dos Czares e h\u00e1 mais de duzentos anos na Fran\u00e7a de Lu\u00eds XVI e Maria Antonieta. A circula\u00e7\u00e3o revolucion\u00e1ria de elites tem aspectos lament\u00e1veis que preventivamente dever\u00edamos evitar a partir do atual n\u00edvel de evolu\u00e7\u00e3o do \u201chomo spatialis\u201d. Em alguns casos, contudo, a revolu\u00e7\u00e3o parece inevit\u00e1vel, como ocorreu h\u00e1 uma d\u00e9cada em alguns pa\u00edses \u00e1rabes do Oriente M\u00e9dio e do Norte da \u00c1frica. As popula\u00e7\u00f5es jovens pressionaram por mudan\u00e7as que julgavam indispens\u00e1veis.<\/p>\n\n\n\n<p>Para avan\u00e7ar como devemos, tamb\u00e9m precisaremos neutralizar o ancestral\u202fsentimento de culpa do homem ocidental, que\u202fse considerava expulso do Jardim do \u00c9den (que existiu nas cercanias de Chipre, em \u00e1rea hoje submersa), ignorando a espl\u00eandida saga de Ad\u00e3o e Eva no Segundo Jardim (na Mesopot\u00e2mia) para se reabilitarem do seu erro &#8211; a saga do casal est\u00e1 descrita no Documento 76 do Livro de Ur\u00e2ntia. Sentindo-nos rejeitados pelo Criador e desmerecedores da felicidade, cham\u00e1vamos a sociedade ideal de utopia\u202f(do grego \u201cu\u201d + \u201ctopos\u201d = que n\u00e3o existe em qualquer lugar). Desde que a ci\u00eancia comprovou a evolu\u00e7\u00e3o da vida a partir de seres unicelulares (de g\u00eanese ainda ignorada pela ci\u00eancia, mas explicada pela atua\u00e7\u00e3o dos Portadores de Vida, no Documento 58 do mesmo Livro de Ur\u00e2ntia), a religi\u00e3o est\u00e1 sensatamente abrindo-se a essas revela\u00e7\u00f5es. O Documento 63 do L.U. relata tamb\u00e9m o aparecimento da primeira fam\u00edlia humana evolutiva, h\u00e1 um milh\u00e3o de anos, e como Ad\u00e3o e Eva vieram \u00e0 Terra h\u00e1 38 mil anos, para a eleva\u00e7\u00e3o biol\u00f3gica dos descendentes de And\u00f3n e Fonta. Com esses conhecimentos, adquirimos o direito e a responsabilidade de buscar a perfei\u00e7\u00e3o aqui na Terra e o Para\u00edso no futuro individual e conjunto, apesar da atual crise do capitalismo e do comunismo, que avan\u00e7am para um socialismo democr\u00e1tico ou um capitalismo social.\u00a0\u00a0<\/p>\n\n\n\n<p>A mis\u00e9ria nos pa\u00edses emergentes (ou ainda mais pobres, em emerg\u00eancia humanit\u00e1ria) e o desemprego nos desenvolvidos, somados a cat\u00e1strofes clim\u00e1ticas em todos os grupos, comp\u00f5e um panorama que se agrava com a exclus\u00e3o xen\u00f3foba, nos ricos, de migrantes desesperados dos pobres, que refletem a fraqueza dos modelos atuais em suas terras natais e confirmam a fragilidade tamb\u00e9m daquelas terras que procuram por instinto e desespero. Estes s\u00e3o momentos de decis\u00e3o e de teste de todos os valores em que acreditamos. Os BRICS e o G20 relembram aos CHICs do Primeiro Mundo que n\u00e3o devem ser cru\u00e9is nem indiferentes com os MEEKS (mansos) de que falou Jesus. Os grupos de escol devem cuidar dos abandonados ou perseguidos.\u00a0<\/p>\n\n\n\n<p>Muitos jovens, movidos pela energia e pelo idealismo que lhes s\u00e3o pr\u00f3prios, revoltam-se fortemente contra a injusti\u00e7a nacional e internacional desta sociedade dita organizada e optam pela destrutividade movida pelo \u00f3dio e pela vingan\u00e7a, que se retroalimentam em confronto. E cometem atos de verdadeiro \u201cpanicismo\u201d, em assustadora evolu\u00e7\u00e3o do antigo terrorismo. Mas, se meditarem um pouco, esses jovens impulsivos perceber\u00e3o, em sua maioria, que algumas das solu\u00e7\u00f5es para a problem\u00e1tica atual requerem t\u00e3o-somente uma honesta consensualiza\u00e7\u00e3o de valores na sociedade que herdar\u00e3o. No outro extremo, muitos outros se destroem ao consumirem drogas il\u00edcitas que os fazem desperdi\u00e7ar nesta vida potenciais trazidos para a vida eterna e que decerto far\u00e3o muita falta, afetiva e socialmente, ao progresso da humanidade. Construindo uma economia de mercado justa e social-democr\u00e1tico-crist\u00e3, teremos um capitalismo consciente e mais \u00e9tico, ou um socialismo crente e moderado, que poder\u00e3o articular nossas vontades de forma civilizada e sensatamente negociar solu\u00e7\u00f5es entre si, no concerto das na\u00e7\u00f5es.\u00a0\u00a0  <\/p>\n\n\n\n<p>As solu\u00e7\u00f5es come\u00e7ariam pela regula\u00e7\u00e3o dos fluxos monet\u00e1rios e pela explora\u00e7\u00e3o sustent\u00e1vel da terra. Pois a terra \u00e9 a fonte da \u00fanica riqueza verdadeira, segundo Adam Smith, e origem da pr\u00f3pria sociedade, de acordo com Jean-Jacques Rousseau, em seu \u201cDiscurso Sobre a Origem das Desigualdades\u201d.\u00a0<\/p>\n\n\n\n<p>A responsabilidade de buscar solu\u00e7\u00f5es \u00e9 apenas nossa, por enquanto. Algumas daquelas solu\u00e7\u00f5es parecem auto-evidentes, de t\u00e3o pr\u00e1ticas e vi\u00e1veis, quando vistas sem ego\u00edsmo. Se os governos das na\u00e7\u00f5es em situa\u00e7\u00e3o de emerg\u00eancia, em suas jurisdi\u00e7\u00f5es nacionais, comprarem propriedades improdutivas \u00e0 vista, a pre\u00e7os de mercado e as parcelarem em granjas familiares, financiadas em 15 ou 20 anos e organizadas em cooperativas, em pouco tempo poder\u00e3o tornar produtivos, pac\u00edficos e felizes os camponeses sem-terra e os marginalizados sem-teto das grandes cidades. Respeitadas as propriedades produtivas, o valor da justa venda das terras improdutivas dinamizar\u00e1 os outros setores da economia, automaticamente. Quase todos os sem-terra e os sem-teto prov\u00eam do campo ou da periferia das grandes cidades, onde a educa\u00e7\u00e3o e o lazer antes n\u00e3o chegavam, mas que poder\u00e3o dinamizar-se fortemente com a educa\u00e7\u00e3o \u00e0 dist\u00e2ncia e as novas tecnologias.\u00a0<\/p>\n\n\n\n<p>Nas cidades eles receber\u00e3o a aten\u00e7\u00e3o devida para uma vida digna e construtiva. No campo, felizes e saud\u00e1veis, aumentar\u00e3o a produ\u00e7\u00e3o de alimentos, reduzindo seu custo e os n\u00edveis de desnutri\u00e7\u00e3o (morrem de fome 216 pessoas por hora em todo o mundo e em todos os pa\u00edses, mesmo os ricos). Ao proporcionarem, nas cidades e no campo, a necess\u00e1ria habita\u00e7\u00e3o condigna, a boa sa\u00fade e as efetivas escolas, mais a devida infra-estrutura e chances de circula\u00e7\u00e3o social pelo m\u00e9rito, os governos nacionais incentivar\u00e3o a constru\u00e7\u00e3o civil e o empreendedorismo, criando empregos decentes e alimentando as melhores esperan\u00e7as de todos. Assim desenhar\u00e3o uma espiral virtuosa de progresso onde antes estava um c\u00edrculo vicioso de estagna\u00e7\u00e3o, com s\u00e9rio risco de implos\u00e3o social. Os pa\u00edses desenvolvidos n\u00e3o t\u00eam os mesmos problemas da terra que vemos aqui, mas suas cidades j\u00e1 t\u00eam outros, muito semelhantes aos nossos. Para n\u00f3s do Brasil, a produtividade sustent\u00e1vel da terra \u00e9 a equa\u00e7\u00e3o crucial. E as nossas solu\u00e7\u00f5es poder\u00e3o ser exemplares para os demais pa\u00edses, como foi o Programa Fome Zero no \u00e2mbito da ONU.\u00a0\u00a0  <\/p>\n\n\n\n<p>or outro lado,\u202fpara dar fim \u00e0 crueldade que faz as fam\u00edlias mais pobres terem mais filhos e os pa\u00edses menos ricos terem maior natalidade, os governos t\u00eam de combinar alguma forma de controle demogr\u00e1fico com as autoridades religiosas tamb\u00e9m. N\u00e3o podemos continuar encomendando almas para abrigar tantas delas em meias-pessoas, com les\u00f5es cerebrais permanentes por falta de alimenta\u00e7\u00e3o e traumas emocionais na primeira inf\u00e2ncia (cerca de 500.000 por ano, ou mais), mortificadas por desumanas priva\u00e7\u00f5es e impossibilitadas\u202fde inser\u00e7\u00e3o social razo\u00e1vel. A mis\u00e9ria no campo e a exclus\u00e3o nas cidades decorrem em grande parte da falta de supervis\u00e3o do trabalho das crian\u00e7as, \u00e0s vezes geradas para serem exploradas desde beb\u00eas e impedidas de estudar como merecem e devem, o que resulta em lament\u00e1vel desperd\u00edcio de belos potenciais.<\/p>\n\n\n\n<p>A filantropia ajuda muito em certos tempos e locais, e at\u00e9 salva muitas vidas, por\u00e9m jamais corrigir\u00e1 os nossos problemas estruturais, conquanto alivie a consci\u00eancia daqueles que n\u00e3o querem lembrar-se de que 108 pessoas morrem de fome durante uma de nossas refei\u00e7\u00f5es normais de 30 minutos em fam\u00edlia ou em pares. A exist\u00eancia de bilh\u00f5es de pessoas carentes ou marginalizadas agride o valor do ser humano da Terra como esp\u00e9cie ascendente de filhos e filhas de Deus. Diante de tanta priva\u00e7\u00e3o, qualquer desperd\u00edcio deve tamb\u00e9m ser evitado, em nova consci\u00eancia proporcionalmente austera daqueles que t\u00eam maior quantidade de bens e possibilidades. A sustentabilidade social depende de uma equilibrada distribui\u00e7\u00e3o dos recursos dispon\u00edveis, escalonando-se uma est\u00e1vel pir\u00e2mide social meritocr\u00e1tica e fraterna, na qual se reconhe\u00e7a o valor real de cada cidad\u00e3o(\u00e3).\u202f\u00a0<\/p>\n\n\n\n<p>Uma nova sociedade fundada em valores definidos e compartilhados, voltada para o desenvolvimento potencializador de todos os talentos de cada ser humano, evitar\u00e1 a perda de qualidades latentes que as pessoas de mente normal trazem ao nascer. Esta sociedade se concentrar\u00e1 na convers\u00e3o (sim, convers\u00e3o) dos criminosos, isto \u00e9, daqueles que se julgam casos perdidos e se aperfei\u00e7oam na pr\u00e1tica do mal. A reabilita\u00e7\u00e3o, em vez da quase imposs\u00edvel de hoje, por falta de perd\u00e3o e miseric\u00f3rdia, estar\u00e1 sempre aberta aos que a desejarem. Dessa forma se estancar\u00e1 a triste sangria de bilh\u00f5es de d\u00f3lares e de milhares de talentos na luta de policiais<em> versus<\/em> bandidos, de ambos os lados da nossa equa\u00e7\u00e3o civilizacional. Existem criminosos e contraventores porque os nossos valores \u201chonestos\u201d n\u00e3o os convencem e o risco que eles enfrentam \u00e9 compensat\u00f3rio aos seus olhos e consci\u00eancias. O atual sistema jur\u00eddico precisa aperfei\u00e7oar a regula\u00e7\u00e3o estatal respons\u00e1vel e honesta, asseguradora de que n\u00e3o haver\u00e1 excessos absurdos como se evidenciou em 2008, a partir de Wall Street. No plano financeiro, uma realista reforma regulat\u00f3ria possibilitar\u00e1 autorizar os \u201cexportadores\u201d de rendas duvidosas a conservarem 40 ou 50% de suas reservas sem registro, que atualmente dormitam, in\u00fateis para o pa\u00eds, em caixas tr\u00eas de ir\u00f4nicos \u201cpara\u00edsos fiscais\u201d. Formalizado o processo de legaliza\u00e7\u00e3o, eles honestamente aplicariam os restantes percentuais em investimentos produtivos nos seus pa\u00edses de origem ou mesmo naqueles ex-para\u00edsos, de forma realmente decente.\u00a0\u00a0  <\/p>\n\n\n\n<p>Justa, eficiente e incorrupt\u00edvel, uma autoridade tribut\u00e1ria bem remunerada e regulada supervisionar\u00e1, com respeito, as propriedades e rendas, cobrando impostos diretos proporcionais a estas e prevenindo a pr\u00e1tica dos crimes patrimoniais, em parceria com um sistema banc\u00e1rio respons\u00e1vel e confi\u00e1vel. Articular-se-iam os gestores da sociedade p\u00fablico-privada-militar-eclesi\u00e1stica que temos, com novas pr\u00e1ticas cont\u00e1beis dotadas de bela transpar\u00eancia e crescente \u00e9tica. O roubo ou furto depende de um mecanismo de recepta\u00e7\u00e3o e desaparecer\u00e1 automaticamente se ningu\u00e9m praticar este segundo crime. A seguridade social, por sua vez, em crise devido \u00e0 maior longevidade dos aposentados que se encaminham para o aperfei\u00e7oamento de suas almas em outras vidas, poder\u00e1 manter a todos bem tratados e com boa qualidade existencial, ap\u00f3s ser fortalecida pela corre\u00e7\u00e3o das fraudes ub\u00edquas internacionalmente, mediante a sensata extens\u00e3o dos prazos para aposentadoria e o aumento das contribui\u00e7\u00f5es previdenci\u00e1rias, com pequenos aportes dos pr\u00f3prios inativos tamb\u00e9m.\u00a0\u00a0<\/p>\n\n\n\n<p>O desemprego, intimidador para o cidad\u00e3o e oneroso para a sociedade, seria eliminado ao reduzir-se a jornada semanal de trabalho em apenas um dos atuais cinco dias, isto \u00e9, 20% (tr\u00eas dias, cobrindo os tr\u00eas dias santos das religi\u00f5es de Jerusal\u00e9m). Um policiamento confi\u00e1vel e respeitado pela efici\u00eancia evitar\u00e1 o aumento da criminalidade nos fins de semana, certamente. Como nenhum pa\u00eds, fora aqueles em emerg\u00eancia, tem 20% de desemprego, em pouco haver\u00e1 trabalho para todos os produtivos. Aumentada a produtividade pela menor carga hor\u00e1ria e pela maior motiva\u00e7\u00e3o cidad\u00e3, o consumo se ampliar\u00e1 em uma popula\u00e7\u00e3o ativa mais numerosa e saud\u00e1vel: a economia funcionar\u00e1 em escala mais ampla e din\u00e2mica em todos os n\u00edveis e o progresso ser\u00e1 inevit\u00e1vel.<\/p>\n\n\n\n<p>A expans\u00e3o do setor de lazer familiar ou individual ainda refor\u00e7ar\u00e1 os benef\u00edcios econ\u00f4mico-financeiros dessa mudan\u00e7a. Impostos diretos e proporcionais \u00e0 renda baixar\u00e3o o custo de vida a ponto de quase extinguirem em pouco tempo a pobreza absoluta, sem desestimularem o talento ou incentivarem a corrup\u00e7\u00e3o, como ocorria no sistema que observei Gorbachov come\u00e7ar a desmontar com a \u201cPerestroika\u201d e a \u201cGlasnost\u201d na Moscou de 1984-85 &#8211; aqui, Tancredo Neves adoecia naquele ano e suas cirurgias eram transmitidas pela TV. O sistema arrecadador brasileiro, em que o antigo le\u00e3o da publicidade hoje pode ser simbolizado pelo grifo alado (pois voa de helic\u00f3ptero), transformaria a evas\u00e3o fiscal em crime contra a sociedade, mas permitindo discretas reabilita\u00e7\u00f5es, sem \u00eanfase em uma ca\u00e7a p\u00fablica \u00e0s bruxas.\u00a0\u00a0\u00a0<\/p>\n\n\n\n<p>O cidad\u00e3o cumprir\u00e1 as leis internas de bom grado, como observou Descartes em seu \u201cDiscurso Sobre o M\u00e9todo\u201d, se aquelas leis forem poucas e transparentes (\u00e0 maneira das normas do Comit\u00ea Gestor da Internet brasileira), ap\u00f3s a codifica\u00e7\u00e3o e compatibiliza\u00e7\u00e3o de que necessitam todos os pa\u00edses contempor\u00e2neos. Com int\u00e9rpretes e aplicadores da lei auxiliados por pessoal bem treinado e equipado, bem remunerado e regulado, ser\u00e1 devidamente nobilitada a atividade pol\u00edtica e os aparatos judicial e policial atuar\u00e3o com o respaldo da popula\u00e7\u00e3o e sem sua cumplicidade em desvios de conduta. A discri\u00e7\u00e3o de n\u00e3o publicar com estardalha\u00e7o os maus exemplos e de negar espa\u00e7o para egos adoecidos valorizar\u00e1 o papel da m\u00eddia em novo patamar. Esta demonstrar\u00e1 maior apego \u00e0 verdade e maior consci\u00eancia de seu papel na educa\u00e7\u00e3o informal do povo. O cumprimento das leis ser\u00e1 monitorado tamb\u00e9m por conselhos profissionais e de vizinhan\u00e7a, que enfatizar\u00e3o a preven\u00e7\u00e3o ou reabilita\u00e7\u00e3o, reduzindo ao m\u00ednimo a necessidade de puni\u00e7\u00e3o prisional. A nova educa\u00e7\u00e3o formar\u00e1 pessoas conscientes de sua cidadania global e c\u00f3smica, na condi\u00e7\u00e3o de fraternos filhos de Deus, habitados pela divindade.\u00a0\u00a0<\/p>\n\n\n\n<p>Em tr\u00eas n\u00edveis, de acordo com a renda e a posi\u00e7\u00e3o social de seus internos, as poucas pris\u00f5es ser\u00e3o produtivas e dignas, com trabalho reabilitador e n\u00e3o-for\u00e7ado \u2013 um novo setor da economia. Os c\u00e1rceres ser\u00e3o destinados \u00e0 reinser\u00e7\u00e3o dos infratores, n\u00e3o mais \u00e0 especializa\u00e7\u00e3o deles na pr\u00e1tica de crimes, como hoje. O ca\u00f3tico sistema penitenci\u00e1rio atual, sem os direitos humanos devidos a cada cidad\u00e3o habitado pelo Deus interior, reflete a crise de nossa sociedade em seu pior \u00e2ngulo e dificulta a reabilita\u00e7\u00e3o desejada pela mais ampla maioria dos que vierem a conhecer a dignidade da habita\u00e7\u00e3o divina em suas mentes. Caso aprovada em referendo, somente se aplicaria a pena de morte em seguida a um processo seguro e socialmente custo-beneficial, para expurgar os criminosos hediondos e recalcitrantes, inapelavelmente irredut\u00edveis em sua postura criminosa. Os comportamentos hoje vistos como criminosos s\u00e3o, ali\u00e1s, analis\u00e1veis com base nos mecanismos de adapta\u00e7\u00e3o, \u00e0 vida citadina, dos impulsos ancestrais animais e de nossa gen\u00e9tica ad\u00e2mica menor do que o normal, abaixo do padr\u00e3o dos mundos normais do tempo-espa\u00e7o.\u00a0\u00a0<\/p>\n\n\n\n<p>Os preju\u00edzos da criminalidade e as despesas que ela provoca em seguran\u00e7a e justi\u00e7a equivalem, no plano interno, aos provocados no plano internacional pelos descomunais gastos militares, que podem por sua vez reduzir-se mediante uma sensata articula\u00e7\u00e3o entre os pa\u00edses e uma conjunta supervis\u00e3o reguladora em escala regional e global, que come\u00e7ou a esbo\u00e7ar-se desde a crise de 2008. Mantidos somente os aparatos b\u00e9lico e policial minimamente necess\u00e1rios \u00e0 ordem e \u00e0 seguran\u00e7a de cada pa\u00eds, incont\u00e1veis bilh\u00f5es de d\u00f3lares ser\u00e3o canalizados para a defesa civil, a pesquisa cient\u00edfica integrada e a fascinante explora\u00e7\u00e3o conjunta do espa\u00e7o. Alguns pa\u00edses iriam terraformar Marte, por exemplo, enquanto outros fariam o mesmo em V\u00eanus, come\u00e7ando o nosso avan\u00e7o para o espa\u00e7o aparentemente sem fim. Isto \u00e9 o que poder\u00edamos fazer sozinhos, claro&#8230;\u00a0<\/p>\n\n\n\n<p>Nosso desafio \u00e9 belamente enorme: aperfei\u00e7oar a natureza em co-cria\u00e7\u00e3o com Deus, na condi\u00e7\u00e3o de destinat\u00e1rios de Sua pr\u00f3pria concep\u00e7\u00e3o, a caminho do Corpo da Finalidade da Cria\u00e7\u00e3o no Para\u00edso. N\u00f3s que evolu\u00edmos de And\u00f3n e Fonta (o primeiro casal, h\u00e1 um milh\u00e3o de anos) e melhoramos geneticamente com Ad\u00e3o e Eva (h\u00e1 38 mil anos), estamos desenvolvendo, com muita ajuda invis\u00edvel, o ser humano em equil\u00edbrio dos c\u00edrculos psico-c\u00f3smicos (a mente auto-conhecedora, na Cria\u00e7\u00e3o revelada). No futuro levaremos nossos melhores valores pelo universo afora, em processo que evitar\u00e1 qualquer recess\u00e3o planet\u00e1ria e dar\u00e1 espl\u00eandida motiva\u00e7\u00e3o \u00e0 juventude que j\u00e1 tivemos, cada um de n\u00f3s que hoje estamos na ancianidade otimista. Com essa nova estrutura autoconsciente de cidad\u00e3os c\u00f3smicos e filhos de Deus atingiremos, sim, a paz indispens\u00e1vel para cuidar dos interesses comuns a todos os povos e cidad\u00e3os, inspirados pela supra- e inter-religiosa Revela\u00e7\u00e3o do Livro de Ur\u00e2ntia (ver Google e Wikip\u00e9dia) e de outras revela\u00e7\u00f5es divinas intercomplementares. Estaremos todos irmanados, em n\u00edvel supraconsciente, pelos deuses interiores individuais que constroem nossas almas de potencial imortal, quando queremos ou podemos constru\u00ed-las. Na Terra (Ur\u00e2ntia) trataremos de forjar uma sociedade ideal (a Era de Luz e Vida \u00e9 o destino de todos os mundos do tempo-espa\u00e7o) em que cada um possa ser material e espiritualmente feliz, em busca da excel\u00eancia individual e coletiva, isto \u00e9, da perfei\u00e7\u00e3o que o Pai nos convida a desenvolvermos. Se Ele nos convida, ent\u00e3o ela \u00e9 ating\u00edvel.\u00a0<\/p>\n\n\n\n<p>Nessa Revela\u00e7\u00e3o nos \u00e9 dito que o Pai e os Filhos do Para\u00edso constroem universos locais com big bangs no tempo-espa\u00e7o, para depois implantarem vida em planetas que orbitam estrelas e induzirem civiliza\u00e7\u00f5es planet\u00e1rias em que o padr\u00e3o \u00e9 a combina\u00e7\u00e3o de seis ra\u00e7as evolu\u00eddas de um primeiro casal humano p\u00f3s-unicelular, civilizadas por um Pr\u00edncipe Planet\u00e1rio a meio caminho e mais tarde enriquecidas geneticamente pelo sangue ad\u00e2mico &#8211; as lacunas de nossa hist\u00f3ria est\u00e3o belamente preenchidas no Livro de Ur\u00e2ntia. Sob a governan\u00e7a espiritual de nosso Pai-Irm\u00e3o-Soberano Cristo Michael, com o Esp\u00edrito Materno e seu primog\u00eanito Gabriel de S\u00e1lvington tentaremos completar a parte que nos cabe, de co-cria\u00e7\u00e3o neste tempo-espa\u00e7o do Planeta Azul, para que depois o Pai Eterno Mais-Que-Esp\u00edrito nos indique o que deveremos fazer, at\u00e9 mais al\u00e9m de sua pr\u00f3pria cria\u00e7\u00e3o organizada hoje, que tem quatro n\u00edveis de espa\u00e7o exterior ainda n\u00e3o habitados (!). A eles o Pai dirige 95% de Suas energias mais-que-espirituais&#8230;<\/p>\n\n\n\n<p>Depois procuraremos (ou at\u00e9 receberemos antes), irm\u00e3os estelares de outras esferas celestes em nome dEle, para celebrarmos a volta de Cristo Michael, o Filho Criador deste universo de N\u00e9badon, que vivendo como Jesus de Nazar\u00e9, aqui atingiu a supremacia de Filho Criador Maior, em nome da Trindade do Para\u00edso \u2013 n\u00f3s integramos o s\u00e9timo super-universo do tempo-espa\u00e7o, chamado de Orv\u00f4nton. Se n\u00e3o O recebermos aqui materialmente no Segundo Advento, nossas almas poder\u00e3o acompanhar Sua volta pelas transmiss\u00f5es c\u00f3smicas da refletividade, enquanto estivermos a caminho da capital do universo local de N\u00e9badon. Depois da morte, iremos primeiro pelos 7 Mundos de Mans\u00f5es (para o aperfei\u00e7oamento da alma moroncial), depois pela capital do Sistema Planet\u00e1rio de Sat\u00e2nia e da Constela\u00e7\u00e3o de Norlatiadeque. Afinal estaremos em S\u00e1lvington e atingiremos o est\u00e1gio de esp\u00edritos de primeira etapa, a caminho do Universo Central e Perfeito de Havona. De qualquer forma, os que pensam como este autor procurar\u00e3o ir at\u00e9 o Para\u00edso, no centro da cria\u00e7\u00e3o majestosa do Pai Eterno Mais-Que-Esp\u00edrito, cada um em sua perfei\u00e7\u00e3o pessoal e eternizada, conforme aprendemos no Livro de Ur\u00e2ntia (Chicago, Illinois, 1955, edi\u00e7\u00e3o original inglesa; e em portugu\u00eas desde 2004 na Internet, em papel desde 2008, sob o #\u202f ISBN 978-1-883395\u201425-4). Vide <a href=\"http:\/\/www.urantia.com\/\" target=\"_blank\" rel=\"noreferrer noopener\">www.urantia.com<\/a> (mundial) ou Urantia.com(e org).br.\u00a0<\/p>\n\n\n\n<p>Nessa Revela\u00e7\u00e3o nos \u00e9 dito que o Pai e os Filhos do Para\u00edso constroem universos locais com big bangs no tempo-espa\u00e7o, para depois implantarem vida em planetas que orbitam estrelas e induzirem civiliza\u00e7\u00f5es planet\u00e1rias em que o padr\u00e3o \u00e9 a combina\u00e7\u00e3o de seis ra\u00e7as evolu\u00eddas de um primeiro casal humano p\u00f3s-unicelular, civilizadas por um Pr\u00edncipe Planet\u00e1rio a meio caminho e mais tarde enriquecidas geneticamente pelo sangue ad\u00e2mico &#8211; as lacunas de nossa hist\u00f3ria est\u00e3o belamente preenchidas no Livro de Ur\u00e2ntia. Sob a governan\u00e7a espiritual de nosso Pai-Irm\u00e3o-Soberano Cristo Michael, com o Esp\u00edrito Materno e seu primog\u00eanito Gabriel de S\u00e1lvington tentaremos completar a parte que nos cabe, de co-cria\u00e7\u00e3o neste tempo-espa\u00e7o do Planeta Azul, para que depois o Pai Eterno Mais-Que-Esp\u00edrito nos indique o que deveremos fazer, at\u00e9 mais al\u00e9m de sua pr\u00f3pria cria\u00e7\u00e3o organizada hoje, que tem quatro n\u00edveis de espa\u00e7o exterior ainda n\u00e3o habitados(!). A eles o Pai dirige 95% de Suas energias mais-que-espirituais&#8230;\u00a0<\/p>\n\n\n\n<p style=\"font-size:12px\"><strong>Bras\u00edlia, 1\u00ba de Maio de 2011.<\/strong><\/p>\n\n\n\n<p style=\"font-size:12px\">Revista em <strong>Buenos Aires, 21 Agosto 2019.<\/strong><\/p>\n\n\n\n<p style=\"font-size:12px\">Revista em Bras\u00edlia, 5 de mar\u00e7o de 2024\u00a0<\/p>\n\n\n\n<p style=\"font-size:13px\"><strong>Atividades profissionais e espirituais<\/strong><\/p>\n\n\n\n<p style=\"font-size:13px\">O Conselheiro (Apos.) J. Frederico Abbott Galv\u00e3o Jr. foi 3\u00ba Secret\u00e1rio no antigo Departamento de Coopera\u00e7\u00e3o Cultural, Cient\u00edfica e Tecnol\u00f3gica (DCT) do Itamaraty em Bras\u00edlia e na Miss\u00e3o junto \u00e0 UNESCO em Paris e em Belgrado (delega\u00e7\u00f5es); 2\u00ba Secret\u00e1rio na Miss\u00e3o do Brasil junto \u00e0 OEA (Washington) e Encarregado da Se\u00e7\u00e3o Consular em Moscou; de volta ao Brasil, serviu no Departamento do Oriente Pr\u00f3ximo (DEOP) e serviu em Ancara, Turquia (inverno de \u201891); como 1\u00b0 Secret\u00e1rio foi C\u00f4nsul-Adjunto em Buenos Aires e Encarregado de Neg\u00f3cios na Guatemala, onde atuou como Chefe da Se\u00e7\u00e3o Consular, Adido Comercial e de Imprensa. Conselheiro no Quadro Especial (QE) desde 2002, trabalhou na Ag\u00eancia Brasileira de Coopera\u00e7\u00e3o (ABC) e foi C\u00f4nsul-Geral Adjunto em Buenos Aires at\u00e9 aposentar-se, em fevereiro de 2021. Tem-se dedicado aos trabalhos supra- e inter-religiosos do Movimento Urantiano em seu sentido mais amplo, que se pode acompanhar nos sites: 1) &lt;urantia.com>, Chicago, Illinois; 2) &lt;tmarchives.com> (York, Pennsylvania); 3) &lt;truthboook.com> (Boulder, Colorado); 4) &lt;11:11progressgroup> dos Seres Intermedi\u00e1rios em Illawarra, Austr\u00e1lia; 5) &lt;elub.googlegroups.com> (Grupo de Estudantes do Livro de Ur\u00e2ntia no Brasil (ELUB), Bras\u00edlia, DF; 6) Associa\u00e7\u00e3o Ur\u00e2ntia Brasil (AUB), Bras\u00edlia, DF; 7) Miss\u00e3o Instrutora (&lt;tmarchives.com.br>, Bras\u00edlia, D.F.); e 8) Miss\u00e3o Magisterial do Tempo de Corre\u00e7\u00e3o (&lt;monjoronson.com>). Adicionalmente, traduziu para os Nordan Symposia, em ingl\u00eas, 53 comunica\u00e7\u00f5es recebidas no Brasil, em portugu\u00eas, no ano de 2005, pelo Grupo de Ribeir\u00e3o Preto (Black Brook Group).<\/p>\n\n\n\n<p style=\"font-size:13px\">DADOS BIOGR\u00c1FICOS: Jo\u00e3o Frederico Abbott Galv\u00e3o Jr., nascido em 16.02.49, casado e pai de uma jovem Cientista Social egressa da UnB, foi Rela\u00e7\u00f5es P\u00fablicas do SESC\/DF em \u201869\/70; Oficial de Chancelaria do MRE (2\u00ba no concurso de \u201870), na Divis\u00e3o de Atos Internacionais (DAI) &#8211; do DCJ\/MRE; aluno do Instituto Rio-Branco, no RJ (\u201872\/73); Chefe do Cerimonial e Rela\u00e7\u00f5es P\u00fablicas do Governador do Rio Grande do Norte (75\/77); Assessor da Coordena\u00e7\u00e3o Internacional do MEC (\u201877) e finalmente diplomata de carreira (1\u00ba do concurso de \u201878). Ex-membro da OAB-RN, estudou Economia e Direito na Universidade de Bras\u00edlia (UnB-\u201868) e na Universidade Federal do Rio Grande do Norte (UFRN-\u201877); Rela\u00e7\u00f5es P\u00fablicas e Ingl\u00eas na Universidade do Texas em Austin (\u201876) e Rela\u00e7\u00f5es Internacionais na Escola de Estudos Internacionais Avan\u00e7ados (SAIS) da Universidade Johns Hopkins em Washington, D.C. (\u201983). Foi membro do Rotary Club de Bras\u00edlia Sudoeste, Distrito 4530, de 2011 a 2017. Nos anos \u201880 se associou \u00e0 MENSA e \u00e0 INTERTEL (associa\u00e7\u00f5es de superdotados) e nos anos \u201890 \u00e0 Planetary Society (Pasadena, CA) e \u00e0 Space Society (Washington, D.C.). Publicou diversos artigos no Boletim da Associa\u00e7\u00e3o dos Diplomatas Brasileiros e nas revistas \u201cIntegra\u201d e \u201cMJI\u201d da Intertel e da Mensa, bem como em \u201cVisi\u00f3n, La Revista LatinoAmericana\u201d (Buenos Aires) e \u201cCr\u00f3nica\u201d (Guatemala), al\u00e9m de alguns jornais centro-americanos. Tem poema editado pela National Library of Poetry, dos EUA e planos para um ou dois livros, mais alguns artigos e poemas.&nbsp;&nbsp;&nbsp;&nbsp;<\/p>\n","protected":false},"excerpt":{"rendered":"<p>por J. Frederico Abbott-Galv\u00e3o Jr. In English A viol\u00eancia na sociedade humana trouxe \u00e0 nossa hist\u00f3ria uma for\u00e7a inercial decorrente de padr\u00f5es de comportamento que eram indispens\u00e1veis na luta pela sobreviv\u00eancia na selva, mas que agora s\u00e3o inaceit\u00e1veis, ao buscarmos a\u202fexcel\u00eancia e a perfei\u00e7\u00e3o sustent\u00e1veis. [&hellip;]<\/p>\n","protected":false},"author":1,"featured_media":0,"parent":0,"menu_order":0,"comment_status":"closed","ping_status":"closed","template":"","meta":{"footnotes":""},"class_list":["post-1101","page","type-page","status-publish","hentry"],"_links":{"self":[{"href":"https:\/\/tmarchives.com.br\/wp\/index.php?rest_route=\/wp\/v2\/pages\/1101","targetHints":{"allow":["GET"]}}],"collection":[{"href":"https:\/\/tmarchives.com.br\/wp\/index.php?rest_route=\/wp\/v2\/pages"}],"about":[{"href":"https:\/\/tmarchives.com.br\/wp\/index.php?rest_route=\/wp\/v2\/types\/page"}],"author":[{"embeddable":true,"href":"https:\/\/tmarchives.com.br\/wp\/index.php?rest_route=\/wp\/v2\/users\/1"}],"replies":[{"embeddable":true,"href":"https:\/\/tmarchives.com.br\/wp\/index.php?rest_route=%2Fwp%2Fv2%2Fcomments&post=1101"}],"version-history":[{"count":11,"href":"https:\/\/tmarchives.com.br\/wp\/index.php?rest_route=\/wp\/v2\/pages\/1101\/revisions"}],"predecessor-version":[{"id":7045,"href":"https:\/\/tmarchives.com.br\/wp\/index.php?rest_route=\/wp\/v2\/pages\/1101\/revisions\/7045"}],"wp:attachment":[{"href":"https:\/\/tmarchives.com.br\/wp\/index.php?rest_route=%2Fwp%2Fv2%2Fmedia&parent=1101"}],"curies":[{"name":"wp","href":"https:\/\/api.w.org\/{rel}","templated":true}]}}